{"id":14,"date":"2019-09-04T10:41:06","date_gmt":"2019-09-04T13:41:06","guid":{"rendered":"http:\/\/filo.unt.edu.ar\/xvii-sael\/?page_id=14"},"modified":"2021-02-24T21:10:53","modified_gmt":"2021-02-25T00:10:53","slug":"pautas","status":"publish","type":"page","link":"https:\/\/filo.unt.edu.ar\/xvii-sael\/pautas\/","title":{"rendered":"Pautas"},"content":{"rendered":"<p>Pautas para el env\u00edo de propuestas<\/p>\n<p>Ninguna de las modalidades de exposici\u00f3n (ponencias, simposios abiertos, paneles invitados) admitir\u00e1 propuestas con m\u00e1s de dos coautores ni m\u00e1s de dos contribuciones de un mismo (co)autor.<br \/>\nLos res\u00famenes presentados a cualquiera de las categor\u00edas aludidas no mencionar\u00e1n informaci\u00f3n que impida el referato ciego y se ajustar\u00e1n a las siguientes pautas:<\/p>\n<p>Tendr\u00e1n una extensi\u00f3n de 400 palabras.<br \/>\nSu organizaci\u00f3n dar\u00e1 cuenta de los siguientes aspectos: breve marco te\u00f3rico, problema de investigaci\u00f3n, interrogante espec\u00edfico sobre el que se reporta, procedimientos desarrollados para abordarlo, indicadores observados (solo para el caso de trabajos emp\u00edricos), detalle de los resultados preliminares y v\u00edas abiertas de continuaci\u00f3n. Solicitamos abstenerse de dar informaci\u00f3n acerca del equipo de investigaci\u00f3n al que se pertenece y dedicar toda la extensi\u00f3n del resumen a describir los rubros indicados (marco te\u00f3rico, procedimientos, hallazgos, etc.) a fin de permitir la valoraci\u00f3n solo del dise\u00f1o y resultados del trabajo.<\/p>\n<p>Deber\u00e1n redactarse en p\u00e1rrafos justificados, sin sangr\u00eda de ning\u00fan tipo, en fuente Times New Roman, tama\u00f1o 12.<br \/>\nSe emplear\u00e1n it\u00e1licas para destacar cualquier segmento del texto.<br \/>\nLos t\u00edtulos contendr\u00e1n un m\u00e1ximo de nueve palabras y se consignar\u00e1n a la izquierda, en negrita y sin emplear may\u00fasculas ni versalitas.<br \/>\nLos apellidos y nombres de los autores \u2013en ese orden\u2013 se indicar\u00e1n tambi\u00e9n a la izquierda. En renglones sucesivos se se\u00f1alar\u00e1n la filiaci\u00f3n institucional y la direcci\u00f3n de correo electr\u00f3nico. Esta disposici\u00f3n se repetir\u00e1 para cada autor.<br \/>\nA continuaci\u00f3n, solamente los res\u00famenes de trabajos destinados a comisiones generales incluir\u00e1n, en it\u00e1licas, el eje articulador que corresponda.<br \/>\nLos descriptores o palabras clave \u2013hasta cinco\u2013 se enumerar\u00e1n en min\u00fasculas, separados por guiones cortos y sin otro formato adicional.<\/p>\n<p>Los res\u00famenes deber\u00e1n ser enviados a la direcci\u00f3n del Congreso: sael2020tuc@gmail.com. En el asunto se consignar\u00e1 \u201cEnv\u00edo de resumen\u201d. El nombre del archivo contendr\u00e1 el apellido de los autores, seguido del n\u00famero del eje en el que se inscribe la propuesta. Ej.: Andrade y L\u00f3pez_Eje_2.<\/p>\n","protected":false},"excerpt":{"rendered":"<p>Pautas para el env\u00edo de propuestas Ninguna de las modalidades de exposici\u00f3n (ponencias, simposios abiertos, paneles invitados) admitir\u00e1 propuestas con m\u00e1s de dos coautores ni m\u00e1s de dos contribuciones de un mismo (co)autor. Los res\u00famenes presentados a cualquiera de las categor\u00edas aludidas no mencionar\u00e1n informaci\u00f3n que impida el referato ciego y se ajustar\u00e1n a las [&hellip;]<\/p>\n","protected":false},"author":1,"featured_media":0,"parent":0,"menu_order":0,"comment_status":"closed","ping_status":"closed","template":"","meta":{"footnotes":""},"class_list":["post-14","page","type-page","status-publish","hentry","post"],"_links":{"self":[{"href":"https:\/\/filo.unt.edu.ar\/xvii-sael\/wp-json\/wp\/v2\/pages\/14","targetHints":{"allow":["GET"]}}],"collection":[{"href":"https:\/\/filo.unt.edu.ar\/xvii-sael\/wp-json\/wp\/v2\/pages"}],"about":[{"href":"https:\/\/filo.unt.edu.ar\/xvii-sael\/wp-json\/wp\/v2\/types\/page"}],"author":[{"embeddable":true,"href":"https:\/\/filo.unt.edu.ar\/xvii-sael\/wp-json\/wp\/v2\/users\/1"}],"replies":[{"embeddable":true,"href":"https:\/\/filo.unt.edu.ar\/xvii-sael\/wp-json\/wp\/v2\/comments?post=14"}],"version-history":[{"count":2,"href":"https:\/\/filo.unt.edu.ar\/xvii-sael\/wp-json\/wp\/v2\/pages\/14\/revisions"}],"predecessor-version":[{"id":165,"href":"https:\/\/filo.unt.edu.ar\/xvii-sael\/wp-json\/wp\/v2\/pages\/14\/revisions\/165"}],"wp:attachment":[{"href":"https:\/\/filo.unt.edu.ar\/xvii-sael\/wp-json\/wp\/v2\/media?parent=14"}],"curies":[{"name":"wp","href":"https:\/\/api.w.org\/{rel}","templated":true}]}}