{"id":6,"date":"2016-02-25T13:34:16","date_gmt":"2016-02-25T13:34:16","guid":{"rendered":"http:\/\/filo.unt.edu.ar\/jornadasmodernacontemporanea\/home-page\/"},"modified":"2016-08-12T14:27:43","modified_gmt":"2016-08-12T14:27:43","slug":"home-page","status":"publish","type":"page","link":"https:\/\/filo.unt.edu.ar\/jornadasmodernacontemporanea\/","title":{"rendered":"Home Page"},"content":{"rendered":"<div id=\"pl-6\"  class=\"panel-layout\" ><div id=\"pg-6-0\"  class=\"panel-grid panel-no-style\" ><div id=\"pgc-6-0-0\"  class=\"panel-grid-cell\" ><div id=\"panel-6-0-0-0\" class=\"so-panel widget widget_black-studio-tinymce widget_black_studio_tinymce panel-first-child\" data-index=\"0\" ><div class=\"panel-widget-style panel-widget-style-for-6-0-0-0\" ><div class=\"textwidget\"><h1 style=\"text-align: center;\">IX Jornadas de Historia Moderna y Contempor\u00e1nea<\/h1>\n<h1 style=\"text-align: center;\">10, 11 y 12 de agosto de 2016 - Tucum\u00e1n<\/h1>\n<h2 style=\"text-align: center;\">Lugar de realizaci\u00f3n:<br \/>CIIDEPT \u201cCentro de Innovaci\u00f3n e Investigaci\u00f3n para el Desarrollo Educativo Productivo Tecnol\u00f3gico\/ Ministerio de Educaci\u00f3n Tucum\u00e1n\". Jos\u00e9 Ingenieros 260 S.M. de Tucum\u00e1n (4000)<\/h2>\n<\/div><\/div><\/div><div id=\"panel-6-0-0-1\" class=\"so-panel widget widget_black-studio-tinymce widget_black_studio_tinymce panel-last-child\" data-index=\"1\" ><div class=\"textwidget\"><h6>Las Jornadas de Historia Moderna y Contempor\u00e1nea se han venido desarrollando en diferentes universidades argentinas desde su primera edici\u00f3n en Tucum\u00e1n en el a\u00f1o 1999. En su novena edici\u00f3n esta reuni\u00f3n cient\u00edfica aspira a convertirse en un foro donde especialistas de la Historia Moderna y Contempor\u00e1nea, nacionales y extranjeros, se re\u00fanan para presentar y discutir los \u00faltimos avances historiogr\u00e1ficos referidos a dichas \u00e1reas del saber hist\u00f3rico. Del mismo modo han sido pensadas como una instancia para que profesionales j\u00f3venes y consolidados, as\u00ed como alumnos en formaci\u00f3n, reflexionen sobre los procesos hist\u00f3ricos de alcance global que involucraron a Europa y al mundo desde el siglo XV a nuestros d\u00edas.<\/h6>\n<\/div><\/div><\/div><\/div><div id=\"pg-6-1\"  class=\"panel-grid panel-has-style\" ><div style=\"border-top: 1px solid #1e73be; \" class=\"panel-row-style panel-row-style-for-6-1\" ><div id=\"pgc-6-1-0\"  class=\"panel-grid-cell\" ><div id=\"panel-6-1-0-0\" class=\"so-panel widget widget_sow-button panel-first-child\" data-index=\"2\" ><div\n\t\t\t\n\t\t\tclass=\"so-widget-sow-button so-widget-sow-button-atom-fefe0dc80990-6\"\n\t\t\t\n\t\t><div class=\"ow-button-base ow-button-align-justify\"\n style=\"display: block;\">\n\t\t\t<a\n\t\t\t\t\thref=\"http:\/\/filo.unt.edu.ar\/jornadasmodernacontemporanea\/wp-content\/uploads\/sites\/67\/2016\/08\/jornadas_historia_moderna_programa.pdf\"\n\t\t\t\t\tclass=\"sowb-button ow-icon-placement-left ow-button-hover\" target=\"_blank\" rel=\"noopener noreferrer\" \t>\n\t\t<span>\n\t\t\t\n\t\t\tDESCARGUE EL PROGRAMA DE LAS JORNADAS\t\t<\/span>\n\t\t\t<\/a>\n\t<\/div>\n<\/div><\/div><div id=\"panel-6-1-0-1\" class=\"so-panel widget widget_sow-button\" data-index=\"3\" ><div\n\t\t\t\n\t\t\tclass=\"so-widget-sow-button so-widget-sow-button-atom-eceb377bec26-6\"\n\t\t\t\n\t\t><div class=\"ow-button-base ow-button-align-justify\"\n style=\"display: block;\">\n\t\t\t<a\n\t\t\t\t\thref=\"http:\/\/filo.unt.edu.ar\/jornadasmodernacontemporanea\/wp-content\/uploads\/sites\/67\/2016\/04\/jornadas_moderna_contempornea_3_circular.pdf\"\n\t\t\t\t\tclass=\"sowb-button ow-icon-placement-left ow-button-hover\" target=\"_blank\" rel=\"noopener noreferrer\" \t>\n\t\t<span>\n\t\t\t\n\t\t\tDESCARGUE LA 3\u00b0 CIRCULAR\t\t<\/span>\n\t\t\t<\/a>\n\t<\/div>\n<\/div><\/div><div id=\"panel-6-1-0-2\" class=\"so-panel widget widget_sow-button\" data-index=\"4\" ><div\n\t\t\t\n\t\t\tclass=\"so-widget-sow-button so-widget-sow-button-atom-7350c7117b4a-6\"\n\t\t\t\n\t\t><div class=\"ow-button-base ow-button-align-justify\"\n style=\"display: block;\">\n\t\t\t<a\n\t\t\t\t\thref=\"http:\/\/filo.unt.edu.ar\/jornadasmodernacontemporanea\/wp-content\/uploads\/sites\/67\/2016\/03\/jornadas_moderna_contempornea_2_circular.pdf\"\n\t\t\t\t\tclass=\"sowb-button ow-icon-placement-left ow-button-hover\" target=\"_blank\" rel=\"noopener noreferrer\" \t>\n\t\t<span>\n\t\t\t\n\t\t\tDESCARGUE LA 2\u00b0 CIRCULAR\t\t<\/span>\n\t\t\t<\/a>\n\t<\/div>\n<\/div><\/div><div id=\"panel-6-1-0-3\" class=\"so-panel widget widget_sow-button\" data-index=\"5\" ><div\n\t\t\t\n\t\t\tclass=\"so-widget-sow-button so-widget-sow-button-atom-7350c7117b4a-6\"\n\t\t\t\n\t\t><div class=\"ow-button-base ow-button-align-justify\"\n style=\"display: block;\">\n\t\t\t<a\n\t\t\t\t\thref=\"http:\/\/filo.unt.edu.ar\/jornadasmodernacontemporanea\/wp-content\/uploads\/sites\/67\/2016\/02\/ix_jornadas_historia_moderna_contemporanea_1_circular.pdf\"\n\t\t\t\t\tclass=\"sowb-button ow-icon-placement-left ow-button-hover\" target=\"_blank\" rel=\"noopener noreferrer\" \t>\n\t\t<span>\n\t\t\t\n\t\t\tDESCARGUE LA 1\u00b0 CIRCULAR\t\t<\/span>\n\t\t\t<\/a>\n\t<\/div>\n<\/div><\/div><div id=\"panel-6-1-0-4\" class=\"so-panel widget widget_black-studio-tinymce widget_black_studio_tinymce\" data-index=\"6\" ><div class=\"panel-widget-style panel-widget-style-for-6-1-0-4\" ><h3 class=\"widget-title\">Costos de inscripci\u00f3n<\/h3><div class=\"textwidget\"><h6>Expositores graduados hasta el 1-7-2016: $ 400.<\/h6>\n<h6>Expositores graduados despu\u00e9s del 1-7-2016: $ 500.<\/h6>\n<h6>Asistentes graduados con certificado de asistencia: $ 200.<\/h6>\n<h6>Estudiantes con certificado de asistencia: <span style=\"color: #ff0000;\">SIN COSTO<\/span><\/h6>\n<\/div><\/div><\/div><div id=\"panel-6-1-0-5\" class=\"so-panel widget widget_circleicon-widget\" data-index=\"7\" ><div class=\"panel-widget-style panel-widget-style-for-6-1-0-5\" >\t\t<div class=\"circle-icon-box circle-icon-position-top circle-icon-hide-box circle-icon-size-small\">\n\t\t\t<div class=\"circle-icon-wrapper\">\n\t\t\t\t\t\t\t\t<div class=\"circle-icon icon-style-set\" style=\"background-color: #9CCCCC\">\n\t\t\t\t\t<div class=\"fa fa-clock-o icon-color-set\" ><\/div>\t\t\t\t<\/div>\n\t\t\t\t\t\t\t<\/div>\n\n\t\t\t\t\t\t<h4 >Env\u00edo de res\u00famenes<\/h4>\t\t\t\n\t\t\t<p class=\"text\" >hasta el 31 de marzo de 2016<\/p>\t\t\t\t\t<\/div>\n\t\t<\/div><\/div><div id=\"panel-6-1-0-6\" class=\"so-panel widget widget_black-studio-tinymce widget_black_studio_tinymce\" data-index=\"8\" ><div class=\"panel-widget-style panel-widget-style-for-6-1-0-6\" ><div class=\"textwidget\"><p>\u00a0<\/p>\n<p><a href=\"http:\/\/filo.unt.edu.ar\/caminatas-historicas\" target=\"_blank\"><img loading=\"lazy\" decoding=\"async\" class=\"aligncenter wp-image-7057 size-medium\" src=\"http:\/\/filo.unt.edu.ar\/wp-content\/uploads\/2016\/08\/CAMINATAS-AGOSTO-300x169.jpg\" alt=\"CAMINATAS HIST\u00d3RICAS\" width=\"300\" height=\"169\" \/><\/a><\/p>\n<p>\u00a0<\/p>\n<\/div><\/div><\/div><div id=\"panel-6-1-0-7\" class=\"so-panel widget widget_black-studio-tinymce widget_black_studio_tinymce panel-last-child\" data-index=\"9\" ><div class=\"panel-widget-style panel-widget-style-for-6-1-0-7\" ><div class=\"textwidget\"><p><a href=\"http:\/\/www.tucumanturismo.gob.ar\/\" target=\"_blank\" rel=\"attachment wp-att-23\"><img loading=\"lazy\" decoding=\"async\" class=\"aligncenter wp-image-23\" src=\"http:\/\/filo.unt.edu.ar\/jornadasmodernacontemporanea\/wp-content\/uploads\/sites\/67\/2016\/04\/output_QOJSlI.gif\" alt=\"output_QOJSlI\" width=\"172\" height=\"511\" \/><\/a><\/p>\n<\/div><\/div><\/div><\/div><div id=\"pgc-6-1-1\"  class=\"panel-grid-cell\" ><div id=\"panel-6-1-1-0\" class=\"so-panel widget widget_black-studio-tinymce widget_black_studio_tinymce panel-first-child\" data-index=\"10\" ><div class=\"panel-widget-style panel-widget-style-for-6-1-1-0\" ><h3 class=\"widget-title\">Conferencistas invitados que han confirmado su asistencia<\/h3><div class=\"textwidget\"><p>Dra. Raquel Homet (CONICET)<\/p>\n<p>Dra. Rosa Isabel Mart\u00ednez Lillo (Universidad Aut\u00f3noma de Madrid)<\/p>\n<p>Dr. Jos\u00e9 Mart\u00ednez Mill\u00e1n (Universidad Aut\u00f3noma de Madrid)<\/p>\n<\/div><\/div><\/div><div id=\"panel-6-1-1-1\" class=\"so-panel widget widget_black-studio-tinymce widget_black_studio_tinymce\" data-index=\"11\" ><div class=\"panel-widget-style panel-widget-style-for-6-1-1-1\" ><h3 class=\"widget-title\">CONTACTO<\/h3><div class=\"textwidget\"><p>[contact-form-7 id=\"11\" title=\"Contacto IX Jornadas Moderna Contempor\u00e1nea\"]<\/p>\n<\/div><\/div><\/div><div id=\"panel-6-1-1-2\" class=\"so-panel widget widget_black-studio-tinymce widget_black_studio_tinymce panel-last-child\" data-index=\"12\" ><div class=\"panel-widget-style panel-widget-style-for-6-1-1-2\" ><h3 class=\"widget-title\">Lugar de realizaci\u00f3n: CIIDEPT \u201cCentro de Innovaci\u00f3n e Investigaci\u00f3n para el Desarrollo Educativo Productivo Tecnol\u00f3gico\/ Ministerio de Educaci\u00f3n Tucum\u00e1n. Jos\u00e9 Ingenieros 260 S.M. de Tucum\u00e1n (4000)\u201d<\/h3><div class=\"textwidget\"><p><iframe loading=\"lazy\" style=\"border: 0;\" src=\"https:\/\/www.google.com\/maps\/embed?pb=!1m18!1m12!1m3!1d4233.526079814989!2d-65.19559765775226!3d-26.84132298111006!2m3!1f0!2f0!3f0!3m2!1i1024!2i768!4f13.1!3m3!1m2!1s0x0%3A0xa2d407d7a743c357!2sCentro+de+innovacion+e+informacion+para+el+Desarrollo+Educativo%2C+Productivo+y+Tecnologico!5e0!3m2!1ses!2sar!4v1470136997969\" width=\"500\" height=\"350\" frameborder=\"0\" allowfullscreen=\"allowfullscreen\"><\/iframe><\/p>\n<\/div><\/div><\/div><\/div><\/div><\/div><\/div>","protected":false},"excerpt":{"rendered":"<p>IX Jornadas de Historia Moderna y Contempor\u00e1nea10, 11 y 12 de agosto de 2016 &#8211; Tucum\u00e1nLugar de realizaci\u00f3n:CIIDEPT \u201cCentro de Innovaci\u00f3n e Investigaci\u00f3n para el Desarrollo Educativo Productivo Tecnol\u00f3gico\/ Ministerio de Educaci\u00f3n Tucum\u00e1n&#8221;. Jos\u00e9 Ingenieros 260 S.M. de Tucum\u00e1n (4000) Las Jornadas de Historia Moderna y Contempor\u00e1nea se han venido desarrollando en diferentes universidades argentinas [&hellip;]<\/p>\n","protected":false},"author":1,"featured_media":0,"parent":0,"menu_order":0,"comment_status":"closed","ping_status":"closed","template":"home-panels.php","meta":{"footnotes":""},"class_list":["post-6","page","type-page","status-publish","hentry","post"],"_links":{"self":[{"href":"https:\/\/filo.unt.edu.ar\/jornadasmodernacontemporanea\/wp-json\/wp\/v2\/pages\/6","targetHints":{"allow":["GET"]}}],"collection":[{"href":"https:\/\/filo.unt.edu.ar\/jornadasmodernacontemporanea\/wp-json\/wp\/v2\/pages"}],"about":[{"href":"https:\/\/filo.unt.edu.ar\/jornadasmodernacontemporanea\/wp-json\/wp\/v2\/types\/page"}],"author":[{"embeddable":true,"href":"https:\/\/filo.unt.edu.ar\/jornadasmodernacontemporanea\/wp-json\/wp\/v2\/users\/1"}],"replies":[{"embeddable":true,"href":"https:\/\/filo.unt.edu.ar\/jornadasmodernacontemporanea\/wp-json\/wp\/v2\/comments?post=6"}],"version-history":[{"count":2,"href":"https:\/\/filo.unt.edu.ar\/jornadasmodernacontemporanea\/wp-json\/wp\/v2\/pages\/6\/revisions"}],"predecessor-version":[{"id":20,"href":"https:\/\/filo.unt.edu.ar\/jornadasmodernacontemporanea\/wp-json\/wp\/v2\/pages\/6\/revisions\/20"}],"wp:attachment":[{"href":"https:\/\/filo.unt.edu.ar\/jornadasmodernacontemporanea\/wp-json\/wp\/v2\/media?parent=6"}],"curies":[{"name":"wp","href":"https:\/\/api.w.org\/{rel}","templated":true}]}}