{"id":35,"date":"2016-05-19T13:14:11","date_gmt":"2016-05-19T13:14:11","guid":{"rendered":"http:\/\/filo.unt.edu.ar\/jornadas-sistema-educativo\/?page_id=35"},"modified":"2016-09-19T10:27:07","modified_gmt":"2016-09-19T10:27:07","slug":"aranceles","status":"publish","type":"page","link":"https:\/\/filo.unt.edu.ar\/jornadas-sistema-educativo\/aranceles\/","title":{"rendered":"Aranceles"},"content":{"rendered":"<div id=\"pl-35\"  class=\"panel-layout\" ><div id=\"pg-35-0\"  class=\"panel-grid panel-no-style\" ><div id=\"pgc-35-0-0\"  class=\"panel-grid-cell\" ><div id=\"panel-35-0-0-0\" class=\"so-panel widget widget_sow-button panel-first-child\" data-index=\"0\" ><div\n\t\t\t\n\t\t\tclass=\"so-widget-sow-button so-widget-sow-button-atom-487a327f45dc-35\"\n\t\t\t\n\t\t><div class=\"ow-button-base ow-button-align-center\"\n>\n\t\t\t<a\n\t\t\t\t\thref=\"http:\/\/filo.unt.edu.ar\/jornadas-sistema-educativo\/wp-content\/uploads\/sites\/69\/2016\/09\/AREMYC_754.pdf\"\n\t\t\t\t\tclass=\"sowb-button ow-icon-placement-left ow-button-hover\" target=\"_blank\" rel=\"noopener noreferrer\" \t>\n\t\t<span>\n\t\t\t\n\t\t\tDESCARGUE LA RESOLUCI\u00d3N AREMyC  N\u00b0 0754\/5 (SGE)\t\t<\/span>\n\t\t\t<\/a>\n\t<\/div>\n<\/div><\/div><div id=\"panel-35-0-0-1\" class=\"so-panel widget widget_black-studio-tinymce widget_black_studio_tinymce panel-last-child\" data-index=\"1\" ><div class=\"textwidget\"><p>\u00a0<\/p>\n<p><strong>Los aranceles son individuales.<\/strong><\/p>\n<p><strong>Montos<\/strong><\/p>\n<p><strong>Se realizar\u00e1 un descuento del 20% a quienes abonen su inscripci\u00f3n hasta el 30 de agosto:<\/strong><br \/>Expositores $ 480<br \/>Asistentes $ 320<br \/>Estudiantes del Nivel Superior no Universitario Y Universitario\u00a0$ 80<\/p>\n<hr \/>\n<p><strong>Montos desde el 31 de agosto hasta el 21 de setiembre:<\/strong><\/p>\n<p>Expositores $ 600<br \/>Asistentes $ 400<br \/>Estudiantes del Nivel Superior no Universitario Y Universitario\u00a0$ 100<\/p>\n<p><strong>El pago podr\u00e1 realizarse respetando alguna de las siguientes formas: <\/strong><\/p>\n<p><span style=\"text-decoration: underline;\">1. Con dep\u00f3sito bancario a la cuenta de la Facultad de Filosof\u00eda y Letras<\/span><\/p>\n<p><strong>Datos de cuenta bancaria:<\/strong><\/p>\n<ol>\n<li>Nombre completo de la Facultad: Facultad de Filosof\u00eda y Letras<\/li>\n<li>Banco: Banco de la Naci\u00f3n Argentina<\/li>\n<li>Domicilio: San Mart\u00edn 682<\/li>\n<li>Sucursal: San Miguel de Tucum\u00e1n<\/li>\n<li>Denominaci\u00f3n de la Cuenta: U.N.T. Facultad de Filosof\u00eda y Letras<\/li>\n<li>Nombre y Apellido de los titulares de la Cuenta: C.P.N. Mar\u00eda Eugenia Haro y Ra\u00fal Roberto Jandar<\/li>\n<li>Tipo de Cuenta: Cuenta Corriente<\/li>\n<li>N\u00famero de Cuenta: 48.110.191\/63<\/li>\n<li>CBU (Clave Bancaria \u00danica) : 01104817-20048110191634<\/li>\n<li>N\u00b0 de CUIT: 30546670240 EXENTO<\/li>\n<\/ol>\n<p>Luego de hacer hacer el dep\u00f3sito solicitamos enviar la copia del comprobante a\u00a0<a href=\"mailto:jornadasinternacionalesunt@gmail.com\">jornadasinternacionalesunt@gmail.com<\/a>\u00a0 detallando sus datos personales y la categor\u00eda en la que participa.<\/p>\n<hr \/>\n<p><span style=\"text-decoration: underline;\">2. Personalmente en la Facultad de Filosof\u00eda y Letras,<\/span> Av. Benjam\u00edn Araoz 800\u00a0San Miguel de Tucum\u00e1n. Oficina de Tesorer\u00eda, planta alta desde el 25 de julio hasta el d\u00eda 16 de setiembre de 8 a 12 hrs. o el 19 de setiembre de 9 a 12 en el anfiteatro 1 de la Facultad.<\/p>\n<\/div><\/div><\/div><\/div><\/div>","protected":false},"excerpt":{"rendered":"<p>\u00a0Los aranceles son individuales.MontosSe realizar\u00e1 un descuento del 20% a quienes abonen su inscripci\u00f3n hasta el 30 de agosto:Expositores $ 480Asistentes $ 320Estudiantes del Nivel Superior no Universitario Y Universitario\u00a0$ 80Montos desde el 31 de agosto hasta el 21 de setiembre:Expositores $ 600Asistentes $ 400Estudiantes del Nivel Superior no Universitario Y Universitario\u00a0$ 100El pago podr\u00e1 [&hellip;]<\/p>\n","protected":false},"author":1,"featured_media":0,"parent":0,"menu_order":0,"comment_status":"closed","ping_status":"closed","template":"templates\/template-full.php","meta":{"footnotes":""},"class_list":["post-35","page","type-page","status-publish","hentry","post"],"_links":{"self":[{"href":"https:\/\/filo.unt.edu.ar\/jornadas-sistema-educativo\/wp-json\/wp\/v2\/pages\/35","targetHints":{"allow":["GET"]}}],"collection":[{"href":"https:\/\/filo.unt.edu.ar\/jornadas-sistema-educativo\/wp-json\/wp\/v2\/pages"}],"about":[{"href":"https:\/\/filo.unt.edu.ar\/jornadas-sistema-educativo\/wp-json\/wp\/v2\/types\/page"}],"author":[{"embeddable":true,"href":"https:\/\/filo.unt.edu.ar\/jornadas-sistema-educativo\/wp-json\/wp\/v2\/users\/1"}],"replies":[{"embeddable":true,"href":"https:\/\/filo.unt.edu.ar\/jornadas-sistema-educativo\/wp-json\/wp\/v2\/comments?post=35"}],"version-history":[{"count":5,"href":"https:\/\/filo.unt.edu.ar\/jornadas-sistema-educativo\/wp-json\/wp\/v2\/pages\/35\/revisions"}],"predecessor-version":[{"id":116,"href":"https:\/\/filo.unt.edu.ar\/jornadas-sistema-educativo\/wp-json\/wp\/v2\/pages\/35\/revisions\/116"}],"wp:attachment":[{"href":"https:\/\/filo.unt.edu.ar\/jornadas-sistema-educativo\/wp-json\/wp\/v2\/media?parent=35"}],"curies":[{"name":"wp","href":"https:\/\/api.w.org\/{rel}","templated":true}]}}