{"id":27,"date":"2016-05-19T12:57:56","date_gmt":"2016-05-19T12:57:56","guid":{"rendered":"http:\/\/filo.unt.edu.ar\/jornadas-sistema-educativo\/?page_id=27"},"modified":"2016-05-19T12:57:56","modified_gmt":"2016-05-19T12:57:56","slug":"comision-organizadora","status":"publish","type":"page","link":"https:\/\/filo.unt.edu.ar\/jornadas-sistema-educativo\/comision-organizadora\/","title":{"rendered":"Comisi\u00f3n organizadora"},"content":{"rendered":"<div id=\"pl-27\"  class=\"panel-layout\" ><div id=\"pg-27-0\"  class=\"panel-grid panel-no-style\" ><div id=\"pgc-27-0-0\"  class=\"panel-grid-cell\" ><div id=\"panel-27-0-0-0\" class=\"so-panel widget widget_black-studio-tinymce widget_black_studio_tinymce panel-first-child panel-last-child\" data-index=\"0\" ><div class=\"textwidget\"><p>Coordinaci\u00f3n general: Mar\u00eda Esther Ferreyra y Daniel Jim\u00e9nez.<\/p>\n<p>Integrantes de la Comisi\u00f3n Organizadora:<\/p>\n<p>Abdala, Carolina<\/p>\n<p>Barros, Mar\u00eda Eugenia<\/p>\n<p>Bossolasco, Mar\u00eda Luisa<\/p>\n<p>Casanova, Beatriz<\/p>\n<p>Caz\u00f3n, Silvia Estela<\/p>\n<p>Cerisola Moreno, Mar\u00eda Paulina<\/p>\n<p>Chaves, Mar\u00eda Gabriela<\/p>\n<p>Del R\u00edo, Mar\u00eda Elena<\/p>\n<p>Ferreiro, Claudia Adriana<\/p>\n<p>Ferreyra, Mar\u00eda Esther<\/p>\n<p>Gonz\u00e1lez, Juana Benita<\/p>\n<p>Hidalgo, Mar\u00eda Fernanda<\/p>\n<p>Jaimes, Elizabeth Anal\u00eda<\/p>\n<p>Jim\u00e9nez, Daniel Antonio<\/p>\n<p>Merlo Ana Patricia<\/p>\n<p>Merlo Pereira, D\u00e9borah<\/p>\n<p>Murga, Matilde<\/p>\n<p>Quiroga Curia, Eleonora<\/p>\n<p>S\u00e1nchez, Amanda<\/p>\n<p>Solis, Mar\u00eda Laura<\/p>\n<\/div><\/div><\/div><\/div><\/div>","protected":false},"excerpt":{"rendered":"<p>Coordinaci\u00f3n general: Mar\u00eda Esther Ferreyra y Daniel Jim\u00e9nez.Integrantes de la Comisi\u00f3n Organizadora:Abdala, CarolinaBarros, Mar\u00eda EugeniaBossolasco, Mar\u00eda LuisaCasanova, BeatrizCaz\u00f3n, Silvia EstelaCerisola Moreno, Mar\u00eda PaulinaChaves, Mar\u00eda GabrielaDel R\u00edo, Mar\u00eda ElenaFerreiro, Claudia AdrianaFerreyra, Mar\u00eda EstherGonz\u00e1lez, Juana BenitaHidalgo, Mar\u00eda FernandaJaimes, Elizabeth Anal\u00edaJim\u00e9nez, Daniel AntonioMerlo Ana PatriciaMerlo Pereira, D\u00e9borahMurga, MatildeQuiroga Curia, EleonoraS\u00e1nchez, AmandaSolis, Mar\u00eda Laura<\/p>\n","protected":false},"author":1,"featured_media":0,"parent":0,"menu_order":0,"comment_status":"closed","ping_status":"closed","template":"templates\/template-full.php","meta":{"footnotes":""},"class_list":["post-27","page","type-page","status-publish","hentry","post"],"_links":{"self":[{"href":"https:\/\/filo.unt.edu.ar\/jornadas-sistema-educativo\/wp-json\/wp\/v2\/pages\/27","targetHints":{"allow":["GET"]}}],"collection":[{"href":"https:\/\/filo.unt.edu.ar\/jornadas-sistema-educativo\/wp-json\/wp\/v2\/pages"}],"about":[{"href":"https:\/\/filo.unt.edu.ar\/jornadas-sistema-educativo\/wp-json\/wp\/v2\/types\/page"}],"author":[{"embeddable":true,"href":"https:\/\/filo.unt.edu.ar\/jornadas-sistema-educativo\/wp-json\/wp\/v2\/users\/1"}],"replies":[{"embeddable":true,"href":"https:\/\/filo.unt.edu.ar\/jornadas-sistema-educativo\/wp-json\/wp\/v2\/comments?post=27"}],"version-history":[{"count":1,"href":"https:\/\/filo.unt.edu.ar\/jornadas-sistema-educativo\/wp-json\/wp\/v2\/pages\/27\/revisions"}],"predecessor-version":[{"id":28,"href":"https:\/\/filo.unt.edu.ar\/jornadas-sistema-educativo\/wp-json\/wp\/v2\/pages\/27\/revisions\/28"}],"wp:attachment":[{"href":"https:\/\/filo.unt.edu.ar\/jornadas-sistema-educativo\/wp-json\/wp\/v2\/media?parent=27"}],"curies":[{"name":"wp","href":"https:\/\/api.w.org\/{rel}","templated":true}]}}