{"id":25,"date":"2016-05-19T12:56:11","date_gmt":"2016-05-19T12:56:11","guid":{"rendered":"http:\/\/filo.unt.edu.ar\/jornadas-sistema-educativo\/?page_id=25"},"modified":"2016-07-29T13:35:37","modified_gmt":"2016-07-29T13:35:37","slug":"comite-academico","status":"publish","type":"page","link":"https:\/\/filo.unt.edu.ar\/jornadas-sistema-educativo\/comite-academico\/","title":{"rendered":"Comit\u00e9 Acad\u00e9mico"},"content":{"rendered":"<div id=\"pl-25\"  class=\"panel-layout\" ><div id=\"pg-25-0\"  class=\"panel-grid panel-no-style\" ><div id=\"pgc-25-0-0\"  class=\"panel-grid-cell\" ><div id=\"panel-25-0-0-0\" class=\"so-panel widget widget_black-studio-tinymce widget_black_studio_tinymce panel-first-child panel-last-child\" data-index=\"0\" ><div class=\"textwidget\"><p>Comit\u00e9 acad\u00e9mico:<\/p>\n<p>Dr. Jos\u00e9 Ram\u00f3n FLECHA GARCIA Univ. Barcelona<\/p>\n<p>Dra. Ivonne BIANCO DE SCANAVINO<\/p>\n<p>Dra. Carolina ABDALA<\/p>\n<p>Dra. Marta BARBIERI DE GUARDIA<\/p>\n<p>Dra. Matilde MURGA<\/p>\n<p>Dr. Daniel YEPEZ<\/p>\n<p>Dra. Beatriz GARRIDO<\/p>\n<p>Dra. Mercedes LEAL<\/p>\n<p>Dra. Luc\u00eda VIDAL<\/p>\n<p>Mg. Ana ESTERKIND DE CHEIN<\/p>\n<p>Mg. Gladys CARAM<\/p>\n<p>Mag. Mar\u00eda del Huerto RAGONESI<\/p>\n<p>Mag. Mar\u00eda Elina TEJERINA UNSa<\/p>\n<p>Mag. Alicia UGARTE<\/p>\n<p>Mag. Natalia OLDANO. Univ. La Laguna Tenerife.Espa\u00f1a.<\/p>\n<p>Mag. Anal\u00eda PIZARRO<\/p>\n<p><strong>Coordinaci\u00f3n general: Mar\u00eda Esther Ferreyra y Daniel Jim\u00e9nez.<\/strong><\/p>\n<\/div><\/div><\/div><div id=\"pgc-25-0-1\"  class=\"panel-grid-cell\" ><div id=\"panel-25-0-1-0\" class=\"so-panel widget widget_black-studio-tinymce widget_black_studio_tinymce panel-first-child panel-last-child\" data-index=\"1\" ><div class=\"textwidget\"><p>Lic. Gabriela DUGUECH<\/p>\n<p>Dipl. Marta VISTALLI<\/p>\n<p>Esp. Mar\u00eda Eugenia BARROS<\/p>\n<p>Prof. Mar\u00eda P. CERISOLA MORENO<\/p>\n<p>Prof. Mar\u00eda Elena DEL RIO<\/p>\n<p>Prof. Claudia Adriana FERREIRO<\/p>\n<p>Esp. Mar\u00eda Esther FERREYRA<\/p>\n<p>Prof. Mariana GIL<\/p>\n<p>Prof. Juana Benita GONZALEZ <\/p>\n<p>Prof. Mar\u00eda Fernanda HIDALGO <\/p>\n<p>Prof. Ana Patricia MERLO <\/p>\n<p>Prof. Susana MONTALDO <\/p>\n<p>Prof. Eleonora QUIROGA CURIA <\/p>\n<p>Prof. Viviana REYES <\/p>\n<p>Prof. Sergio Oscar ROBIN <\/p>\n<p>Prof. Elizabeth SANCHEZ <\/p>\n<p>Prof. Leonor VELA<\/p>\n<\/div><\/div><\/div><\/div><\/div>","protected":false},"excerpt":{"rendered":"<p>Comit\u00e9 acad\u00e9mico:Dr. Jos\u00e9 Ram\u00f3n FLECHA GARCIA Univ. BarcelonaDra. Ivonne BIANCO DE SCANAVINODra. Carolina ABDALADra. Marta BARBIERI DE GUARDIADra. Matilde MURGADr. Daniel YEPEZDra. Beatriz GARRIDODra. Mercedes LEALDra. Luc\u00eda VIDALMg. Ana ESTERKIND DE CHEINMg. Gladys CARAMMag. Mar\u00eda del Huerto RAGONESIMag. Mar\u00eda Elina TEJERINA UNSaMag. Alicia UGARTEMag. Natalia OLDANO. Univ. La Laguna Tenerife.Espa\u00f1a.Mag. Anal\u00eda PIZARROCoordinaci\u00f3n general: Mar\u00eda Esther [&hellip;]<\/p>\n","protected":false},"author":1,"featured_media":0,"parent":0,"menu_order":0,"comment_status":"closed","ping_status":"closed","template":"templates\/template-full.php","meta":{"footnotes":""},"class_list":["post-25","page","type-page","status-publish","hentry","post"],"_links":{"self":[{"href":"https:\/\/filo.unt.edu.ar\/jornadas-sistema-educativo\/wp-json\/wp\/v2\/pages\/25","targetHints":{"allow":["GET"]}}],"collection":[{"href":"https:\/\/filo.unt.edu.ar\/jornadas-sistema-educativo\/wp-json\/wp\/v2\/pages"}],"about":[{"href":"https:\/\/filo.unt.edu.ar\/jornadas-sistema-educativo\/wp-json\/wp\/v2\/types\/page"}],"author":[{"embeddable":true,"href":"https:\/\/filo.unt.edu.ar\/jornadas-sistema-educativo\/wp-json\/wp\/v2\/users\/1"}],"replies":[{"embeddable":true,"href":"https:\/\/filo.unt.edu.ar\/jornadas-sistema-educativo\/wp-json\/wp\/v2\/comments?post=25"}],"version-history":[{"count":3,"href":"https:\/\/filo.unt.edu.ar\/jornadas-sistema-educativo\/wp-json\/wp\/v2\/pages\/25\/revisions"}],"predecessor-version":[{"id":68,"href":"https:\/\/filo.unt.edu.ar\/jornadas-sistema-educativo\/wp-json\/wp\/v2\/pages\/25\/revisions\/68"}],"wp:attachment":[{"href":"https:\/\/filo.unt.edu.ar\/jornadas-sistema-educativo\/wp-json\/wp\/v2\/media?parent=25"}],"curies":[{"name":"wp","href":"https:\/\/api.w.org\/{rel}","templated":true}]}}