{"id":64,"date":"2021-06-01T10:29:34","date_gmt":"2021-06-01T13:29:34","guid":{"rendered":"http:\/\/filo.unt.edu.ar\/inihlep\/?page_id=64"},"modified":"2021-06-02T11:33:50","modified_gmt":"2021-06-02T14:33:50","slug":"publicaciones","status":"publish","type":"page","link":"https:\/\/filo.unt.edu.ar\/inihlep\/publicaciones\/","title":{"rendered":"Publicaciones"},"content":{"rendered":"<div id=\"pl-64\"  class=\"panel-layout\" ><div id=\"pg-64-0\"  class=\"panel-grid panel-no-style\" ><div id=\"pgc-64-0-0\"  class=\"panel-grid-cell\" ><div id=\"panel-64-0-0-0\" class=\"so-panel widget widget_black-studio-tinymce widget_black_studio_tinymce panel-first-child panel-last-child\" data-index=\"0\" ><div class=\"textwidget\"><p style=\"text-align: left;\">INIHLEP posee su propio sello editorial bajo el cual se han publicado numerosos trabajos acad\u00e9micos individuales y colectivos, todos ellos con referato. Asimismo, INIHLEP participa de la edici\u00f3n de\u00a0la\u00a0Revista de Historia de las Prisiones.<\/p>\n<p style=\"text-align: left;\">Algunos de los t\u00edtulos editados por INIHLEP en colaboraci\u00f3n con la Editorial Humanitas en los \u00faltimos a\u00f1os:<br \/>\n<a href=\"https:\/\/www.revistadeprisiones.com\/\">COLECCI\u00d3N HISTORIA DE LOS MUNICIPIOS<\/a><\/p>\n<p style=\"text-align: left;\">Mediante convenio con\u00a0el\u00a0Ente Provincial del Bicentenario\u00a0y el\u00a0<a href=\"https:\/\/www.cfi.org.ar\/\">Consejo Federal de Inversiones de la Naci\u00f3n<\/a>, un equipo de 30\u00a0investigadores de INIHLEP e investigadores invitados, bajo la direcci\u00f3n de la Dra. Gabriela Tio Vallejo, est\u00e1 en proceso de edici\u00f3n de la colecci\u00f3n \u201cHistoria de los Municipios de la Provincia de Tucum\u00e1n\u201d que contar\u00e1 con 19 vol\u00famenes y ser\u00e1 publicado en 2017.<\/p>\n<p style=\"text-align: left;\">El objetivo general de la colecci\u00f3n es reconstruir la historia de las ciudades de la provincia de Tucum\u00e1n, un verdadero desaf\u00edo para la historiograf\u00eda tucumana. Existen antecedentes de historias locales, cr\u00f3nicas y memorias; estudios sobre problem\u00e1ticas espec\u00edficas han contribuido a conocer aspectos parciales de la historia de las poblaciones del interior. Sin embargo, no ha habido, desde la historia como disciplina profesional, un esfuerzo por abordar las diversas historias de los municipios como unidades de estudio en s\u00ed.<\/p>\n<p style=\"text-align: left;\">Tiempo y espacio son las primeras dimensiones a definir en el enfoque de la investigaci\u00f3n.<br \/>\nLa configuraci\u00f3n espacial de los territorios se construye hist\u00f3ricamente, se transforma con las comunidades que los viven y administran. Por tanto, entenderemos que la historia de cada municipio es la historia de las comunidades asentadas en \u00e9l desde los or\u00edgenes del poblamiento, siendo la fundaci\u00f3n de municipios un hito en ese proceso. De modo tal que periodizaci\u00f3n y l\u00edmites espaciales se combinan en un concepto historizado de territorio.<br \/>\nDesde INIHLEP, nos proponemos recuperar la memoria del pasado de los municipios tucumanos, relevar sus fuentes y construir un relato hist\u00f3rico rigurosamente fundamentado de cada uno de los municipios desde el comienzo del poblamiento en la zona hasta la actualidad. Esperamos poder dar un panorama de los siguientes aspectos a trav\u00e9s del tiempo:<\/p>\n<p style=\"text-align: left;\">-Los componentes materiales de los municipios<br \/>\n-Las din\u00e1micas poblacionales<br \/>\n-Los recursos y las explotaciones econ\u00f3micas<br \/>\n-El r\u00e9gimen de propiedad de la tierra-<br \/>\n-Las formas de organizaci\u00f3n espacial (jurisdicciones que atravesaron cada espacio, administrativas, pol\u00edticas y eclesi\u00e1sticas)<br \/>\n-Los modos de vida de los diversos actores sociales.<br \/>\n-Los motivos de uni\u00f3n y de conflicto, las asociaciones, los grupos, las familias y los derroteros individuales.<br \/>\n-La percepci\u00f3n de los acontecimientos globales, nacionales y provinciales, la percepci\u00f3n de la propia historia y del afuera.<\/p>\n<p style=\"text-align: left;\">Todos estos temas se integrar\u00e1n a los grandes ejes del desarrollo institucional, pol\u00edtico, econ\u00f3mico y cultural.\u00a0La colecci\u00f3n est\u00e1 pensada para servir de insumo a proyectos de distinto orden que necesiten una dimensi\u00f3n hist\u00f3rica de los espacios municipales; para el p\u00fablico en general interesado en el pasado provincial; para los habitantes de los municipios que busquen conocer su pasado y presente local; para los distintos niveles educativos en los que escasean los recursos de informaci\u00f3n sobre temas locales.<\/p>\n<h3 style=\"text-align: left;\">REVISTA DE HISTORIA DE LAS\u00a0PRISIONES<\/h3>\n<p style=\"text-align: left;\">La Revista de Historia de Prisiones es una iniciativa de dos investigadores con largas trayectorias en la investigaci\u00f3n hist\u00f3rica de las instituciones de reclusi\u00f3n: el Dr. Jos\u00e9 Daniel Cesano (Universidad Nacional de C\u00f3rdoba-Academia Nacional de Derecho y Ciencias Sociales-Instituto de Investigaciones de Historia del Derecho) y\u00a0el Dr. Jorge Alberto N\u00fa\u00f1ez (CONICET-Instituto de Investigaciones de Historia del Derecho). Bajo la direcci\u00f3n de Cesano y N\u00fa\u00f1ez,\u00a0RHP tiene como finalidad llenar lagunas historiogr\u00e1ficas significativas derivadas, en parte, de la ausencia de una publicaci\u00f3n cient\u00edfica especializada en el an\u00e1lisis historiogr\u00e1fico de las instituciones de reclusi\u00f3n en el \u00e1mbito hispanoamericano. La Revista tiene una periodicidad anual y publica exclusivamente trabajos originales de investigaci\u00f3n hist\u00f3rica, provenientes desde diversas especialidades disciplinares (historia, derecho, arquitectura, sociolog\u00eda, antropolog\u00eda, etc.).<br \/>\nLa publicaci\u00f3n de los art\u00edculos est\u00e1 sujeta a un arbitraje doble ciego y no se aceptan manuscritos ya publicados o que est\u00e9n en proceso de revisi\u00f3n en otras revistas. Est\u00e1 dirigida al p\u00fablico acad\u00e9mico como as\u00ed tambi\u00e9n a los profesionales de las instituciones penitenciarias y al p\u00fablico en general interesado en la tem\u00e1tica. Su objetivo es constituirse en un aporte multidisciplinar para la historia de las instituciones de reclusi\u00f3n y fomentar el debate actualizado y renovador entre los especialistas del tema y de \u00e1reas afines. Luis Gonz\u00e1lez Alvo (CONICET-INIHLEP), se desempe\u00f1a como Secretario de la Revista de Historia de las Prisiones.<\/p>\n<p style=\"text-align: left;\">Para m\u00e1s informaci\u00f3n\u00a0y consultar los n\u00fameros completos haga click sobre las portadas.<\/p>\n<h3 style=\"text-align: left;\">COLECCI\u00d3N ESTUDIOS PENITENCIARIOS<\/h3>\n<p style=\"text-align: left;\">La\u00a0Colecci\u00f3n Estudios Penitenciarios, dirigida por Jos\u00e9 Daniel Cesano (INHIDE-Academia Nacional de Derecho y Ciencias Sociales de C\u00f3rdoba), Jorge N\u00fa\u00f1ez (INHIDE-CONICET) y Luis Gonz\u00e1lez Alvo (INIHLEP-CONICET), nace en el a\u00f1o 2017, fruto de la colaboraci\u00f3n entre\u00a0INIHLEP, la\u00a0<a href=\"https:\/\/www.revistadeprisiones.com\/\">Revista de Historia de las Prisiones<\/a>\u00a0y la\u00a0<a href=\"http:\/\/filo.unt.edu.ar\/\">Editorial Humanitas de la Facultad de Filosof\u00eda y Letras, UNT.<\/a><\/p>\n<p style=\"text-align: left;\">Los primeros dos vol\u00famenes de la colecci\u00f3n son la edici\u00f3n virtual y f\u00edsica del libro\u00a0Para seguridad y no para castigo\u00a0de Alejo Garc\u00eda Basalo y M\u00f3nica Mithieux. El libro puede descargarse de manera gratuita <a href=\"https:\/\/www.dropbox.com\/s\/ne8dfev2h45tcge\/Garc%C3%ADa%20Basalo%20y%20M%C3%B3nica%20Mithieux%20-%20Para%20seguridad%20y%20no%20para%20castigo.pdf?dl=0\">en el siguiente enlace de\u00a0Dropbox<\/a>.<\/p>\n<\/div><\/div><\/div><\/div><div id=\"pg-64-1\"  class=\"panel-grid panel-no-style\" ><div id=\"pgc-64-1-0\"  class=\"panel-grid-cell\" ><div id=\"panel-64-1-0-0\" class=\"so-panel widget widget_black-studio-tinymce widget_black_studio_tinymce panel-first-child\" data-index=\"1\" ><div class=\"textwidget\"><p><a href=\"http:\/\/filo.unt.edu.ar\/inihlep\/wp-content\/uploads\/sites\/101\/2021\/06\/oaji.jpg\"><img loading=\"lazy\" decoding=\"async\" class=\"alignleft size-medium wp-image-99\" src=\"http:\/\/filo.unt.edu.ar\/inihlep\/wp-content\/uploads\/sites\/101\/2021\/06\/oaji-300x71.jpg\" alt=\"\" width=\"300\" height=\"71\" srcset=\"https:\/\/filo.unt.edu.ar\/inihlep\/wp-content\/uploads\/sites\/101\/2021\/06\/oaji-300x71.jpg 300w, https:\/\/filo.unt.edu.ar\/inihlep\/wp-content\/uploads\/sites\/101\/2021\/06\/oaji.jpg 533w\" sizes=\"auto, (max-width: 300px) 100vw, 300px\" \/><\/a><\/p>\n<\/div><\/div><div id=\"panel-64-1-0-1\" class=\"so-panel widget widget_black-studio-tinymce widget_black_studio_tinymce\" data-index=\"2\" ><div class=\"textwidget\"><p><a href=\"http:\/\/filo.unt.edu.ar\/inihlep\/wp-content\/uploads\/sites\/101\/2021\/06\/redib_v3.jpg\"><img loading=\"lazy\" decoding=\"async\" class=\"alignleft size-medium wp-image-100\" src=\"http:\/\/filo.unt.edu.ar\/inihlep\/wp-content\/uploads\/sites\/101\/2021\/06\/redib_v3-300x78.jpg\" alt=\"\" width=\"300\" height=\"78\" srcset=\"https:\/\/filo.unt.edu.ar\/inihlep\/wp-content\/uploads\/sites\/101\/2021\/06\/redib_v3-300x78.jpg 300w, https:\/\/filo.unt.edu.ar\/inihlep\/wp-content\/uploads\/sites\/101\/2021\/06\/redib_v3.jpg 543w\" sizes=\"auto, (max-width: 300px) 100vw, 300px\" \/><\/a><\/p>\n<\/div><\/div><div id=\"panel-64-1-0-2\" class=\"so-panel widget widget_black-studio-tinymce widget_black_studio_tinymce\" data-index=\"3\" ><div class=\"textwidget\"><p><a href=\"http:\/\/filo.unt.edu.ar\/inihlep\/wp-content\/uploads\/sites\/101\/2021\/06\/banner_erih.png\"><img loading=\"lazy\" decoding=\"async\" class=\"alignleft size-medium wp-image-101\" src=\"http:\/\/filo.unt.edu.ar\/inihlep\/wp-content\/uploads\/sites\/101\/2021\/06\/banner_erih-300x99.png\" alt=\"\" width=\"300\" height=\"99\" srcset=\"https:\/\/filo.unt.edu.ar\/inihlep\/wp-content\/uploads\/sites\/101\/2021\/06\/banner_erih-300x99.png 300w, https:\/\/filo.unt.edu.ar\/inihlep\/wp-content\/uploads\/sites\/101\/2021\/06\/banner_erih.png 381w\" sizes=\"auto, (max-width: 300px) 100vw, 300px\" \/><\/a><\/p>\n<\/div><\/div><div id=\"panel-64-1-0-3\" class=\"so-panel widget widget_black-studio-tinymce widget_black_studio_tinymce\" data-index=\"4\" ><div class=\"textwidget\"><p><a href=\"http:\/\/filo.unt.edu.ar\/inihlep\/wp-content\/uploads\/sites\/101\/2021\/06\/portada2.jpg\"><img loading=\"lazy\" decoding=\"async\" class=\"alignleft size-medium wp-image-102\" src=\"http:\/\/filo.unt.edu.ar\/inihlep\/wp-content\/uploads\/sites\/101\/2021\/06\/portada2-234x300.jpg\" alt=\"\" width=\"234\" height=\"300\" srcset=\"https:\/\/filo.unt.edu.ar\/inihlep\/wp-content\/uploads\/sites\/101\/2021\/06\/portada2-234x300.jpg 234w, https:\/\/filo.unt.edu.ar\/inihlep\/wp-content\/uploads\/sites\/101\/2021\/06\/portada2.jpg 269w\" sizes=\"auto, (max-width: 234px) 100vw, 234px\" \/><\/a><\/p>\n<\/div><\/div><div id=\"panel-64-1-0-4\" class=\"so-panel widget widget_black-studio-tinymce widget_black_studio_tinymce\" data-index=\"5\" ><div class=\"textwidget\"><p><a href=\"http:\/\/filo.unt.edu.ar\/inihlep\/wp-content\/uploads\/sites\/101\/2021\/06\/portada1.jpg\"><img loading=\"lazy\" decoding=\"async\" class=\"alignleft size-medium wp-image-103\" src=\"http:\/\/filo.unt.edu.ar\/inihlep\/wp-content\/uploads\/sites\/101\/2021\/06\/portada1-234x300.jpg\" alt=\"\" width=\"234\" height=\"300\" srcset=\"https:\/\/filo.unt.edu.ar\/inihlep\/wp-content\/uploads\/sites\/101\/2021\/06\/portada1-234x300.jpg 234w, https:\/\/filo.unt.edu.ar\/inihlep\/wp-content\/uploads\/sites\/101\/2021\/06\/portada1.jpg 269w\" sizes=\"auto, (max-width: 234px) 100vw, 234px\" \/><\/a><\/p>\n<\/div><\/div><div id=\"panel-64-1-0-5\" class=\"so-panel widget widget_black-studio-tinymce widget_black_studio_tinymce panel-last-child\" data-index=\"6\" ><div class=\"textwidget\"><p><a href=\"http:\/\/filo.unt.edu.ar\/inihlep\/wp-content\/uploads\/sites\/101\/2021\/06\/paz-soldan-1888-cortada.png\"><img loading=\"lazy\" decoding=\"async\" class=\"alignleft size-medium wp-image-104\" src=\"http:\/\/filo.unt.edu.ar\/inihlep\/wp-content\/uploads\/sites\/101\/2021\/06\/paz-soldan-1888-cortada-300x104.png\" alt=\"\" width=\"300\" height=\"104\" srcset=\"https:\/\/filo.unt.edu.ar\/inihlep\/wp-content\/uploads\/sites\/101\/2021\/06\/paz-soldan-1888-cortada-300x104.png 300w, https:\/\/filo.unt.edu.ar\/inihlep\/wp-content\/uploads\/sites\/101\/2021\/06\/paz-soldan-1888-cortada-1024x355.png 1024w, https:\/\/filo.unt.edu.ar\/inihlep\/wp-content\/uploads\/sites\/101\/2021\/06\/paz-soldan-1888-cortada-768x266.png 768w, https:\/\/filo.unt.edu.ar\/inihlep\/wp-content\/uploads\/sites\/101\/2021\/06\/paz-soldan-1888-cortada.png 1113w\" sizes=\"auto, (max-width: 300px) 100vw, 300px\" \/><\/a><\/p>\n<\/div><\/div><\/div><\/div><div id=\"pg-64-2\"  class=\"panel-grid panel-no-style\" ><div id=\"pgc-64-2-0\"  class=\"panel-grid-cell\" ><div id=\"panel-64-2-0-0\" class=\"so-panel widget widget_black-studio-tinymce widget_black_studio_tinymce panel-first-child\" data-index=\"7\" ><div class=\"textwidget\"><p><a href=\"http:\/\/filo.unt.edu.ar\/inihlep\/wp-content\/uploads\/sites\/101\/2021\/06\/pucci-copia.jpg\"><img loading=\"lazy\" decoding=\"async\" class=\"alignleft size-medium wp-image-105\" src=\"http:\/\/filo.unt.edu.ar\/inihlep\/wp-content\/uploads\/sites\/101\/2021\/06\/pucci-copia-207x300.jpg\" alt=\"\" width=\"207\" height=\"300\" srcset=\"https:\/\/filo.unt.edu.ar\/inihlep\/wp-content\/uploads\/sites\/101\/2021\/06\/pucci-copia-207x300.jpg 207w, https:\/\/filo.unt.edu.ar\/inihlep\/wp-content\/uploads\/sites\/101\/2021\/06\/pucci-copia.jpg 280w\" sizes=\"auto, (max-width: 207px) 100vw, 207px\" \/><\/a><\/p>\n<\/div><\/div><div id=\"panel-64-2-0-1\" class=\"so-panel widget widget_black-studio-tinymce widget_black_studio_tinymce\" data-index=\"8\" ><div class=\"textwidget\"><p><a href=\"http:\/\/filo.unt.edu.ar\/inihlep\/wp-content\/uploads\/sites\/101\/2021\/06\/historia-de-la-destruccion-primera-edicion.jpg\"><img loading=\"lazy\" decoding=\"async\" class=\"alignleft size-medium wp-image-108\" src=\"http:\/\/filo.unt.edu.ar\/inihlep\/wp-content\/uploads\/sites\/101\/2021\/06\/historia-de-la-destruccion-primera-edicion-202x300.jpg\" alt=\"\" width=\"202\" height=\"300\" srcset=\"https:\/\/filo.unt.edu.ar\/inihlep\/wp-content\/uploads\/sites\/101\/2021\/06\/historia-de-la-destruccion-primera-edicion-202x300.jpg 202w, https:\/\/filo.unt.edu.ar\/inihlep\/wp-content\/uploads\/sites\/101\/2021\/06\/historia-de-la-destruccion-primera-edicion.jpg 287w\" sizes=\"auto, (max-width: 202px) 100vw, 202px\" \/><\/a><\/p>\n<\/div><\/div><div id=\"panel-64-2-0-2\" class=\"so-panel widget widget_black-studio-tinymce widget_black_studio_tinymce panel-last-child\" data-index=\"9\" ><div class=\"textwidget\"><p><a href=\"http:\/\/filo.unt.edu.ar\/inihlep\/wp-content\/uploads\/sites\/101\/2021\/06\/historia-de-la-destruccion-tercera-edicion.jpg\"><img loading=\"lazy\" decoding=\"async\" class=\"alignleft size-medium wp-image-107\" src=\"http:\/\/filo.unt.edu.ar\/inihlep\/wp-content\/uploads\/sites\/101\/2021\/06\/historia-de-la-destruccion-tercera-edicion-205x300.jpg\" alt=\"\" width=\"205\" height=\"300\" srcset=\"https:\/\/filo.unt.edu.ar\/inihlep\/wp-content\/uploads\/sites\/101\/2021\/06\/historia-de-la-destruccion-tercera-edicion-205x300.jpg 205w, https:\/\/filo.unt.edu.ar\/inihlep\/wp-content\/uploads\/sites\/101\/2021\/06\/historia-de-la-destruccion-tercera-edicion.jpg 284w\" sizes=\"auto, (max-width: 205px) 100vw, 205px\" \/><\/a><\/p>\n<\/div><\/div><\/div><\/div><div id=\"pg-64-3\"  class=\"panel-grid panel-no-style\" ><div id=\"pgc-64-3-0\"  class=\"panel-grid-cell\" ><div id=\"panel-64-3-0-0\" class=\"so-panel widget widget_black-studio-tinymce widget_black_studio_tinymce panel-first-child panel-last-child\" data-index=\"10\" ><div class=\"textwidget\"><p><a href=\"https:\/\/drive.google.com\/file\/d\/1nz--OQh2MKb7ATyD2uo6g9s1qSnBQhiq\/view\" target=\"_blank\" rel=\"noopener\"><img loading=\"lazy\" decoding=\"async\" class=\"alignleft wp-image-106 size-medium\" src=\"http:\/\/filo.unt.edu.ar\/inihlep\/wp-content\/uploads\/sites\/101\/2021\/06\/tucuman-en-llamas-solo-tapa-201x300.jpg\" alt=\"Tucum\u00e1n en llamas Silvia Nassif\" width=\"201\" height=\"300\" srcset=\"https:\/\/filo.unt.edu.ar\/inihlep\/wp-content\/uploads\/sites\/101\/2021\/06\/tucuman-en-llamas-solo-tapa-201x300.jpg 201w, https:\/\/filo.unt.edu.ar\/inihlep\/wp-content\/uploads\/sites\/101\/2021\/06\/tucuman-en-llamas-solo-tapa.jpg 281w\" sizes=\"auto, (max-width: 201px) 100vw, 201px\" \/><\/a><\/p>\n<\/div><\/div><\/div><\/div><div id=\"pg-64-4\"  class=\"panel-grid panel-no-style\" ><div id=\"pgc-64-4-0\"  class=\"panel-grid-cell\" ><div id=\"panel-64-4-0-0\" class=\"so-panel widget widget_black-studio-tinymce widget_black_studio_tinymce panel-first-child\" data-index=\"11\" ><div class=\"textwidget\"><p><a href=\"http:\/\/filo.unt.edu.ar\/inihlep\/wp-content\/uploads\/sites\/101\/2021\/06\/fuentes-libro.jpg\"><img loading=\"lazy\" decoding=\"async\" class=\"alignleft size-medium wp-image-109\" src=\"http:\/\/filo.unt.edu.ar\/inihlep\/wp-content\/uploads\/sites\/101\/2021\/06\/fuentes-libro-214x300.jpg\" alt=\"\" width=\"214\" height=\"300\" srcset=\"https:\/\/filo.unt.edu.ar\/inihlep\/wp-content\/uploads\/sites\/101\/2021\/06\/fuentes-libro-214x300.jpg 214w, https:\/\/filo.unt.edu.ar\/inihlep\/wp-content\/uploads\/sites\/101\/2021\/06\/fuentes-libro.jpg 285w\" sizes=\"auto, (max-width: 214px) 100vw, 214px\" \/><\/a><\/p>\n<\/div><\/div><div id=\"panel-64-4-0-1\" class=\"so-panel widget widget_black-studio-tinymce widget_black_studio_tinymce\" data-index=\"12\" ><div class=\"textwidget\"><p><a href=\"http:\/\/filo.unt.edu.ar\/inihlep\/wp-content\/uploads\/sites\/101\/2021\/06\/modernizarcastigo.jpg\"><img loading=\"lazy\" decoding=\"async\" class=\"alignleft size-medium wp-image-110\" src=\"http:\/\/filo.unt.edu.ar\/inihlep\/wp-content\/uploads\/sites\/101\/2021\/06\/modernizarcastigo-213x300.jpg\" alt=\"\" width=\"213\" height=\"300\" srcset=\"https:\/\/filo.unt.edu.ar\/inihlep\/wp-content\/uploads\/sites\/101\/2021\/06\/modernizarcastigo-213x300.jpg 213w, https:\/\/filo.unt.edu.ar\/inihlep\/wp-content\/uploads\/sites\/101\/2021\/06\/modernizarcastigo.jpg 290w\" sizes=\"auto, (max-width: 213px) 100vw, 213px\" \/><\/a><\/p>\n<\/div><\/div><div id=\"panel-64-4-0-2\" class=\"so-panel widget widget_black-studio-tinymce widget_black_studio_tinymce\" data-index=\"13\" ><div class=\"textwidget\"><p><a href=\"http:\/\/filo.unt.edu.ar\/inihlep\/wp-content\/uploads\/sites\/101\/2021\/06\/republica-extraordinaria.jpg\"><img loading=\"lazy\" decoding=\"async\" class=\"alignleft size-medium wp-image-111\" src=\"http:\/\/filo.unt.edu.ar\/inihlep\/wp-content\/uploads\/sites\/101\/2021\/06\/republica-extraordinaria-211x300.jpg\" alt=\"\" width=\"211\" height=\"300\" srcset=\"https:\/\/filo.unt.edu.ar\/inihlep\/wp-content\/uploads\/sites\/101\/2021\/06\/republica-extraordinaria-211x300.jpg 211w, https:\/\/filo.unt.edu.ar\/inihlep\/wp-content\/uploads\/sites\/101\/2021\/06\/republica-extraordinaria.jpg 286w\" sizes=\"auto, (max-width: 211px) 100vw, 211px\" \/><\/a><\/p>\n<\/div><\/div><div id=\"panel-64-4-0-3\" class=\"so-panel widget widget_black-studio-tinymce widget_black_studio_tinymce\" data-index=\"14\" ><div class=\"textwidget\"><p><a href=\"http:\/\/filo.unt.edu.ar\/inihlep\/wp-content\/uploads\/sites\/101\/2021\/06\/portada.jpg\"><img loading=\"lazy\" decoding=\"async\" class=\"alignleft size-medium wp-image-112\" src=\"http:\/\/filo.unt.edu.ar\/inihlep\/wp-content\/uploads\/sites\/101\/2021\/06\/portada-225x300.jpg\" alt=\"\" width=\"225\" height=\"300\" srcset=\"https:\/\/filo.unt.edu.ar\/inihlep\/wp-content\/uploads\/sites\/101\/2021\/06\/portada-225x300.jpg 225w, https:\/\/filo.unt.edu.ar\/inihlep\/wp-content\/uploads\/sites\/101\/2021\/06\/portada.jpg 297w\" sizes=\"auto, (max-width: 225px) 100vw, 225px\" \/><\/a><\/p>\n<\/div><\/div><div id=\"panel-64-4-0-4\" class=\"so-panel widget widget_black-studio-tinymce widget_black_studio_tinymce panel-last-child\" data-index=\"15\" ><div class=\"textwidget\"><p><a href=\"http:\/\/filo.unt.edu.ar\/inihlep\/wp-content\/uploads\/sites\/101\/2021\/06\/2017-libro2.jpg\"><img loading=\"lazy\" decoding=\"async\" class=\"alignleft size-medium wp-image-113\" src=\"http:\/\/filo.unt.edu.ar\/inihlep\/wp-content\/uploads\/sites\/101\/2021\/06\/2017-libro2-212x300.jpg\" alt=\"\" width=\"212\" height=\"300\" srcset=\"https:\/\/filo.unt.edu.ar\/inihlep\/wp-content\/uploads\/sites\/101\/2021\/06\/2017-libro2-212x300.jpg 212w, https:\/\/filo.unt.edu.ar\/inihlep\/wp-content\/uploads\/sites\/101\/2021\/06\/2017-libro2.jpg 297w\" sizes=\"auto, (max-width: 212px) 100vw, 212px\" \/><\/a><\/p>\n<\/div><\/div><\/div><\/div><\/div>","protected":false},"excerpt":{"rendered":"<p>INIHLEP posee su propio sello editorial bajo el cual se han publicado numerosos trabajos acad\u00e9micos individuales y colectivos, todos ellos con referato. Asimismo, INIHLEP participa de la edici\u00f3n de\u00a0la\u00a0Revista de Historia de las Prisiones. Algunos de los t\u00edtulos editados por INIHLEP en colaboraci\u00f3n con la Editorial Humanitas en los \u00faltimos a\u00f1os: COLECCI\u00d3N HISTORIA DE LOS [&hellip;]<\/p>\n","protected":false},"author":1,"featured_media":0,"parent":0,"menu_order":0,"comment_status":"closed","ping_status":"closed","template":"","meta":{"footnotes":""},"class_list":["post-64","page","type-page","status-publish","hentry","post"],"_links":{"self":[{"href":"https:\/\/filo.unt.edu.ar\/inihlep\/wp-json\/wp\/v2\/pages\/64","targetHints":{"allow":["GET"]}}],"collection":[{"href":"https:\/\/filo.unt.edu.ar\/inihlep\/wp-json\/wp\/v2\/pages"}],"about":[{"href":"https:\/\/filo.unt.edu.ar\/inihlep\/wp-json\/wp\/v2\/types\/page"}],"author":[{"embeddable":true,"href":"https:\/\/filo.unt.edu.ar\/inihlep\/wp-json\/wp\/v2\/users\/1"}],"replies":[{"embeddable":true,"href":"https:\/\/filo.unt.edu.ar\/inihlep\/wp-json\/wp\/v2\/comments?post=64"}],"version-history":[{"count":7,"href":"https:\/\/filo.unt.edu.ar\/inihlep\/wp-json\/wp\/v2\/pages\/64\/revisions"}],"predecessor-version":[{"id":118,"href":"https:\/\/filo.unt.edu.ar\/inihlep\/wp-json\/wp\/v2\/pages\/64\/revisions\/118"}],"wp:attachment":[{"href":"https:\/\/filo.unt.edu.ar\/inihlep\/wp-json\/wp\/v2\/media?parent=64"}],"curies":[{"name":"wp","href":"https:\/\/api.w.org\/{rel}","templated":true}]}}