{"id":139,"date":"2021-06-24T15:32:41","date_gmt":"2021-06-24T18:32:41","guid":{"rendered":"http:\/\/filo.unt.edu.ar\/congresofreire\/?page_id=139"},"modified":"2021-11-16T11:10:22","modified_gmt":"2021-11-16T14:10:22","slug":"programa","status":"publish","type":"page","link":"https:\/\/filo.unt.edu.ar\/congresofreire\/programa\/","title":{"rendered":"Programa"},"content":{"rendered":"<div id=\"pl-gb139-69f41696ee03f\"  class=\"panel-layout\" ><div id=\"pg-gb139-69f41696ee03f-0\"  class=\"panel-grid panel-no-style\" ><div id=\"pgc-gb139-69f41696ee03f-0-0\"  class=\"panel-grid-cell panel-grid-cell-empty\" ><\/div><div id=\"pgc-gb139-69f41696ee03f-0-1\"  class=\"panel-grid-cell panel-grid-cell-mobile-last\" ><div id=\"panel-gb139-69f41696ee03f-0-1-0\" class=\"so-panel widget widget_black-studio-tinymce widget_black_studio_tinymce panel-first-child panel-last-child\" data-index=\"0\" ><div class=\"textwidget\"><h1>\u00a0<\/h1>\n<hr \/>\n<p><span style=\"color: #339966;font-size: 18pt\"><strong>Mi\u00e9rcoles 15 <\/strong><\/span><strong>\u00ad\u00ad\u00ad\u00ad<\/strong><\/p>\n<p><span style=\"color: #ff9900\"><strong>16.00 Hs | Apertura institucional<\/strong><\/span><\/p>\n<p><iframe loading=\"lazy\" title=\"Congreso Latinoamericano a 100 a\u00f1os del nacimiento de Paulo Freire\" width=\"720\" height=\"405\" src=\"https:\/\/www.youtube.com\/embed\/vJsD8wYZORM?feature=oembed\" frameborder=\"0\" allow=\"accelerometer; autoplay; clipboard-write; encrypted-media; gyroscope; picture-in-picture\" allowfullscreen><\/iframe><\/p>\n<ul>\n<li><strong> Nicol\u00e1s Trotta,<\/strong> Ministro de Educaci\u00f3n de la Naci\u00f3n<\/li>\n<li><strong> Jos\u00e9 Garc\u00eda<\/strong>, Rector de la Universidad Nacional de Tucum\u00e1n<\/li>\n<li><strong> Mercedes Leal<\/strong>, Decana de la Facultad de Filosof\u00eda y Letras de la UNT<\/li>\n<li><strong> Juan Pablo Lichtmajer,<\/strong> Ministro de Educaci\u00f3n de la provincia de Tucum\u00e1n<\/li>\n<li><strong> Gabriel Yedlin, <\/strong>Ministro de Desarrollo Social de la provincia de Tucum\u00e1n<\/li>\n<\/ul>\n<hr \/>\n<table style=\"height: 23px;width: 100%;border-collapse: collapse;background-color: #f07f16\">\n<tbody>\n<tr style=\"height: 23px\">\n<td style=\"width: 100%;height: 23px\"><span style=\"color: #ffffff\"><strong>18.30 Hs | Mesas de Ponencias simult\u00e1neas\u00a0<\/strong><\/span><\/td>\n<\/tr>\n<\/tbody>\n<\/table>\n<hr \/>\n<p><span style=\"color: #339966;font-size: 18pt\"><strong>Jueves 16<\/strong><\/span><\/p>\n<p><span style=\"color: #ff9900\"><strong>09.00 Hs | Apertura<\/strong><\/span><\/p>\n<p>&#8211; La Dra. <strong>Mercedes Leal<\/strong> en di\u00e1logo con <strong>Ana Mar\u00eda Araujo Freire<\/strong><\/p>\n<p><iframe loading=\"lazy\" title=\"Apertura Congreso Latinoamericano Paulo Freire\" width=\"720\" height=\"405\" src=\"https:\/\/www.youtube.com\/embed\/w2GLuoeooDQ?feature=oembed\" frameborder=\"0\" allow=\"accelerometer; autoplay; clipboard-write; encrypted-media; gyroscope; picture-in-picture\" allowfullscreen><\/iframe><\/p>\n<hr \/>\n<table style=\"height: 23px;width: 100%;border-collapse: collapse;background-color: #f07f16\">\n<tbody>\n<tr style=\"height: 23px\">\n<td style=\"width: 100%;height: 23px\"><span style=\"color: #ffffff\"><strong>10.30 Hs | Mesas de Ponencias simult\u00e1neas\u00a0<\/strong><\/span><\/td>\n<\/tr>\n<\/tbody>\n<\/table>\n<hr \/>\n<p><span style=\"color: #ff9900\"><strong>11.30 Hs | Conferencia<\/strong><\/span><\/p>\n<p><iframe loading=\"lazy\" title=\"Conferencia: Epistemolog\u00eda y hermen\u00e9utica en la obra de Paulo Freire\" width=\"720\" height=\"405\" src=\"https:\/\/www.youtube.com\/embed\/YHyYEu3mJx4?feature=oembed\" frameborder=\"0\" allow=\"accelerometer; autoplay; clipboard-write; encrypted-media; gyroscope; picture-in-picture\" allowfullscreen><\/iframe><\/p>\n<p><span style=\"color: #2a52c9;font-size: 14pt\"><strong>\u201cEpistemolog\u00eda y hermen\u00e9utica en la obra de Paulo Freire\u201d<\/strong><\/span><\/p>\n<p><strong>Expone Carlos Alberto Torres<\/strong>, UCLA<\/p>\n<p>Presenta: <strong>Sergio Robin<\/strong>, UNT<\/p>\n<hr \/>\n<table style=\"height: 28px;width: 100%;border-collapse: collapse;background-color: #f07f16\">\n<tbody>\n<tr style=\"height: 23px\">\n<td style=\"width: 100%;height: 28px\"><span style=\"color: #ffffff\"><strong>12.30 Hs | Mesas de Ponencias simult\u00e1neas\u00a0<\/strong><\/span><\/td>\n<\/tr>\n<\/tbody>\n<\/table>\n<p>&nbsp;<\/p>\n<hr \/>\n<p><span style=\"color: #ff6600\"><strong>14.30 Hs | Mesa Panel<\/strong><\/span><\/p>\n<p><iframe loading=\"lazy\" title=\"Mesa Panel: Paulo Freire: Aportes a la comunicaci\u00f3n popular\" width=\"720\" height=\"405\" src=\"https:\/\/www.youtube.com\/embed\/Q9xuh5i3LtI?feature=oembed\" frameborder=\"0\" allow=\"accelerometer; autoplay; clipboard-write; encrypted-media; gyroscope; picture-in-picture\" allowfullscreen><\/iframe><\/p>\n<p>&nbsp;<\/p>\n<p><span style=\"color: #3b3bdb;font-size: 14pt\"><strong>Paulo Freire: aportes a la comunicaci\u00f3n popular<\/strong><\/span><\/p>\n<p><strong>Exponen: <\/strong><strong>Claudio V\u00edvori<\/strong>, Defensor\u00eda del P\u00fablico de SCA y <strong>Oscar Magarola<\/strong>, UBA UNLaM<\/p>\n<p>Presenta: <strong>Tina Gardella<\/strong>, UNT<\/p>\n<hr \/>\n<p><span style=\"color: #ff9900\"><strong>16.00 Hs | Mesa Panel<\/strong><\/span><\/p>\n<p><iframe loading=\"lazy\" title=\"Mesa Panel: Paulo Freire: aportes te\u00f3ricos, pedag\u00f3gicos y metodol\u00f3gicos\" width=\"720\" height=\"405\" src=\"https:\/\/www.youtube.com\/embed\/YZzgWjmpQo0?feature=oembed\" frameborder=\"0\" allow=\"accelerometer; autoplay; clipboard-write; encrypted-media; gyroscope; picture-in-picture\" allowfullscreen><\/iframe><\/p>\n<p><span style=\"color: #2a52c9;font-size: 14pt\"><strong>\u201cPaulo Freire: aportes te\u00f3ricos, pedag\u00f3gicos y metodol\u00f3gicos\u201d<\/strong><\/span><\/p>\n<p><strong>Exponen: Mar\u00eda Eugenia Barros<\/strong>, UNT y <strong>Luis Rigal<\/strong>, UNJu.<\/p>\n<p>Presenta: <strong>Daniel Yepez<\/strong>, UNT y UNJu<\/p>\n<hr \/>\n<table style=\"height: 28px;width: 100%;border-collapse: collapse;background-color: #f07f16\">\n<tbody>\n<tr style=\"height: 23px\">\n<td style=\"width: 100%;height: 28px\"><span style=\"color: #ffffff\"><strong>17.00 Hs | Mesas de Ponencias simult\u00e1neas\u00a0<\/strong><\/span><\/td>\n<\/tr>\n<\/tbody>\n<\/table>\n<hr \/>\n<p><span style=\"color: #ff9900\"><strong>18.00 Hs | \u00a0Mesa Panel<\/strong><\/span><\/p>\n<p><iframe loading=\"lazy\" title=\"Mesa Panel: Pedagog\u00eda de la liberaci\u00f3n en Am\u00e9rica Latina hoy\" width=\"720\" height=\"405\" src=\"https:\/\/www.youtube.com\/embed\/JL496UDHF2I?feature=oembed\" frameborder=\"0\" allow=\"accelerometer; autoplay; clipboard-write; encrypted-media; gyroscope; picture-in-picture\" allowfullscreen><\/iframe><\/p>\n<p><span style=\"color: #2a52c9;font-size: 14pt\"><strong>\u201cPedagog\u00eda de la liberaci\u00f3n en Am\u00e9rica Latina hoy\u201d <\/strong><\/span><\/p>\n<p>Exponen <strong>Lidia Rodr\u00edguez<\/strong>, UBA, <strong>Norma Michi<\/strong>, \u00a0UNLu- MOCASE, <strong>Natalia Peluso<\/strong>, Ministerio de Educaci\u00f3n de la Naci\u00f3n<\/p>\n<p>Presenta: <strong>Ana M\u00fcler<\/strong>, UNSA<\/p>\n<hr \/>\n<table style=\"height: 28px;width: 100%;border-collapse: collapse;background-color: #f07f16\">\n<tbody>\n<tr style=\"height: 23px\">\n<td style=\"width: 100%;height: 28px\"><span style=\"color: #ffffff\"><strong>19.00 Hs | Mesas de Ponencias simult\u00e1neas\u00a0<\/strong><\/span><\/td>\n<\/tr>\n<\/tbody>\n<\/table>\n<hr \/>\n<p><span style=\"font-size: 18pt;color: #339966\"><strong>Viernes 17<\/strong><\/span><\/p>\n<p><span style=\"color: #ff9900\"><strong>10.00 Hs | Conferencia<\/strong><\/span><\/p>\n<p><iframe loading=\"lazy\" title=\"Conferencia: Las nuevas narrativas de la educaci\u00f3n popular en Am\u00e9rica Latina\" width=\"720\" height=\"405\" src=\"https:\/\/www.youtube.com\/embed\/Tr8bXm-1Z34?feature=oembed\" frameborder=\"0\" allow=\"accelerometer; autoplay; clipboard-write; encrypted-media; gyroscope; picture-in-picture\" allowfullscreen><\/iframe><\/p>\n<p><span style=\"color: #2a52c9;font-size: 14pt\"><strong>&#8220;Las nuevas narrativas de la educaci\u00f3n popular en Am\u00e9rica Latina&#8221;<\/strong><\/span><\/p>\n<p>Expone <strong>Alfonso Torres Carrillo<\/strong>, UPN Colombia<\/p>\n<p>Presenta: <strong>Carolina Abdala<\/strong>, UNT<\/p>\n<hr \/>\n<p><span style=\"color: #ff9900\"><strong>11.30 Hs | \u00a0Mesa panel<\/strong><\/span><\/p>\n<p><iframe loading=\"lazy\" title=\"Mesa panel: Educaci\u00f3n y pol\u00edtica; la politicidad en el oficio de educar\" width=\"720\" height=\"405\" src=\"https:\/\/www.youtube.com\/embed\/CrOF1H057F8?feature=oembed\" frameborder=\"0\" allow=\"accelerometer; autoplay; clipboard-write; encrypted-media; gyroscope; picture-in-picture\" allowfullscreen><\/iframe><\/p>\n<p><span style=\"color: #2a52c9;font-size: 14pt\"><strong>\u201cEducaci\u00f3n y pol\u00edtica; la politicidad en el oficio de educar\u201d<\/strong><\/span><\/p>\n<p>Exponen <strong>Nicol\u00e1s Arata<\/strong>, Clacso -UBA, y <strong>Walter Kohan,<\/strong> UERJ<\/p>\n<p>Presenta<strong>: Isabel Amate P\u00e9rez<\/strong>, Secretaria de Estado de Gesti\u00f3n Educativa de la provincia de Tucum\u00e1n<\/p>\n<hr \/>\n<table style=\"height: 23px;width: 100%;border-collapse: collapse;background-color: #f07f16\">\n<tbody>\n<tr style=\"height: 23px\">\n<td style=\"width: 100%;height: 23px\"><span style=\"color: #ffffff\"><strong>12.30 Hs | Mesas de Ponencias simult\u00e1neas\u00a0<\/strong><\/span><\/td>\n<\/tr>\n<\/tbody>\n<\/table>\n<hr \/>\n<table style=\"height: 23px;width: 100%;border-collapse: collapse;background-color: #f07f16\">\n<tbody>\n<tr style=\"height: 23px\">\n<td style=\"width: 100%;height: 23px\"><span style=\"color: #ffffff\"><strong>14.30 Hs | Mesas de Ponencias simult\u00e1neas\u00a0<\/strong><\/span><\/td>\n<\/tr>\n<\/tbody>\n<\/table>\n<hr \/>\n<p><span style=\"color: #ff9900\"><strong>16.00 Hs | Mesa Panel<\/strong><\/span><\/p>\n<p><iframe loading=\"lazy\" title=\"Mesa Panel: Pedagog\u00eda freireana, escuela y pol\u00edtica educativa\" width=\"720\" height=\"405\" src=\"https:\/\/www.youtube.com\/embed\/oKe3E4Snmt0?feature=oembed\" frameborder=\"0\" allow=\"accelerometer; autoplay; clipboard-write; encrypted-media; gyroscope; picture-in-picture\" allowfullscreen><\/iframe><\/p>\n<p><span style=\"color: #3366ff;font-size: 14pt\"><strong>\u201cPedagog\u00eda freireana, escuela y pol\u00edtica educativa\u201d<\/strong><\/span><\/p>\n<p>Exponen<strong> Sonia Alesso<\/strong>, Secretaria General CTERA y <strong>Juan Pablo Lichtmajer<\/strong>, Ministro de Educaci\u00f3n Provincia de Tucum\u00e1n<\/p>\n<p>Presenta: <strong>Aldo Lineras<\/strong>, UNNE \u00a0&#8211; Anfhe<\/p>\n<hr \/>\n<p><span style=\"color: #333399\"><strong>17.30 Hs | Conferencia magistral y cierre del congreso<\/strong><\/span><\/p>\n<p><iframe loading=\"lazy\" title=\"Conferencia magistral y Cierre del Congreso\" width=\"720\" height=\"405\" src=\"https:\/\/www.youtube.com\/embed\/isP2KuW-EuU?feature=oembed\" frameborder=\"0\" allow=\"accelerometer; autoplay; clipboard-write; encrypted-media; gyroscope; picture-in-picture\" allowfullscreen><\/iframe><\/p>\n<p><span style=\"color: #2a52c9;font-size: 14pt\"><strong>\u201cPaulo Freire. Pedagog\u00eda y pol\u00edtica para un contexto complejo\u201d<\/strong><\/span><\/p>\n<p>Expone al Dra. <strong>Adriana Puiggros<\/strong>, Asesora de la Presidencia de la Naci\u00f3n<\/p>\n<p><span style=\"color: #ff9900\"><strong>18.30 Hs | Cierre <\/strong><\/span><\/p>\n<p>A cargo de\u00a0 la Dra. <strong>Mercedes Leal<\/strong>, decana de la Facultad de Filosof\u00eda y Letras de la UNT y presidenta del Congreso y <strong>Jaime Perczyk<\/strong>, Secretario de Pol\u00edticas Universitarias del Ministerio de Educaci\u00f3n de laNaci\u00f3n.<\/p>\n<p><strong>\u00a0<\/strong><\/p>\n<p><a href=\"http:\/\/filo.unt.edu.ar\/congresofreire\/wp-content\/uploads\/sites\/100\/2021\/09\/2021-09-08-Programa-Congreso-Freire-Septiembre.pdf\" target=\"_blank\" rel=\"noopener\"><img loading=\"lazy\" decoding=\"async\" class=\"aligncenter wp-image-218 size-large\" src=\"http:\/\/filo.unt.edu.ar\/congresofreire\/wp-content\/uploads\/sites\/100\/2021\/07\/descarga-el-programa-1024x178.png\" alt=\"\" width=\"720\" height=\"125\" srcset=\"https:\/\/filo.unt.edu.ar\/congresofreire\/wp-content\/uploads\/sites\/100\/2021\/07\/descarga-el-programa-1024x178.png 1024w, https:\/\/filo.unt.edu.ar\/congresofreire\/wp-content\/uploads\/sites\/100\/2021\/07\/descarga-el-programa-300x52.png 300w, https:\/\/filo.unt.edu.ar\/congresofreire\/wp-content\/uploads\/sites\/100\/2021\/07\/descarga-el-programa-768x133.png 768w, https:\/\/filo.unt.edu.ar\/congresofreire\/wp-content\/uploads\/sites\/100\/2021\/07\/descarga-el-programa.png 1122w\" sizes=\"auto, (max-width: 720px) 100vw, 720px\" \/><\/a><\/p>\n<h1><span style=\"color: #339966\">CONVERSATORIOS PRECONGRESO &#8211; AGOSTO<\/span><\/h1>\n<p>Los <em><strong>conversatorios precongreso<\/strong><\/em> ser\u00e1n espacios de di\u00e1logo abiertos y virtuales de frecuencia semanal que contribuir\u00e1n a la instalaci\u00f3n p\u00fablica del Congreso y plantear algunos ejes que se profundizar\u00e1n en el mismo. Los 4 conversatorios ponen \u00e9nfasis en la valoraci\u00f3n hist\u00f3rica de la obra y el legado de Freire, desde el propio Brasil, los aportes actuales de la investigaci\u00f3n acad\u00e9mica en el NOA, la reflexi\u00f3n desde el territorio y la puesta en juego en la docencia en una Facultad de Humanidades respectivamente.<\/p>\n<p>Podr\u00e1n seguir los conversatorios en el canal de youtube de la Facultad de Filosof\u00eda y Letras.<\/p>\n<p>&nbsp;<\/p>\n<hr \/>\n<p><strong>Jueves 5 de agosto | 17:00 hs (Arg.)\u00a0<br \/><\/strong><\/p>\n<p><span style=\"font-size: 14pt;color: #339966\"><strong>Latinoam\u00e9rica y la ruptura con las ideas pedag\u00f3gicas conservadoras<\/strong><\/span><\/p>\n<p><strong>Carlos Rodrigues Brand\u00e3o<\/strong>, Instituto Paulo Freire; <strong>Pablo Gentili<\/strong>, Ministerio de Educaci\u00f3n de la Naci\u00f3n.<\/p>\n<p>Presenta:\u00a0 <strong>Sergio Robin<\/strong>; Secretario acad\u00e9mico FFyL UNT<\/p>\n<p>&nbsp;<\/p>\n<hr \/>\n<p><strong>Jueves 12 de agosto | 17:00 hs (Arg.)\u00a0<\/strong><\/p>\n<p><span style=\"color: #1b77c2\"><strong><span style=\"font-size: 14pt\">La perspectiva freireana en la investigaci\u00f3n social<\/span><\/strong><\/span><\/p>\n<p>Di\u00e1logo entre referentes de los institutos del CONICET NOA: <strong>IRES<\/strong> Catamarca, <strong>INVELEC<\/strong> Tucum\u00e1n e <strong>INDES<\/strong> Santiago del Estero.<\/p>\n<p>Presenta: <strong>Claudia Ferreiro<\/strong>, UNT<\/p>\n<p>&nbsp;<\/p>\n<hr \/>\n<p><strong>Jueves 19 de agosto | 17:00 hs (Arg.)\u00a0<\/strong><\/p>\n<p><span style=\"color: #ff0000\"><strong><span style=\"font-size: 14pt\">Educaci\u00f3n popular en el territorio: \u00bfcon qui\u00e9nes y c\u00f3mo?<\/span><\/strong><\/span><\/p>\n<p><strong>Dantes Ib\u00e1\u00f1ez<\/strong>, educador popular de Crecer Juntos, Tucum\u00e1n;\u00a0 <strong>Mois\u00e9s Rioja<\/strong>, realizador audiovisual y docente, Wayruro Comunicaci\u00f3n de Jujuy<\/p>\n<p>Presenta: <strong>Mirtha Litvak<\/strong>, UNT.<\/p>\n<p>&nbsp;<\/p>\n<hr \/>\n<p><strong>Jueves 26 de agosto | 17:00 hs (Arg.)\u00a0<\/strong><\/p>\n<p><span style=\"color: #ff9900\"><strong><span style=\"font-size: 14pt\">Pedagog\u00eda liberadora y educaci\u00f3n universitaria<\/span><\/strong><\/span><\/p>\n<p>Profesoras de distintos departamentos de la Facultad de Filosof\u00eda y Letras de la UNT.<strong> <br \/>Mar\u00eda del Huerto Ragonesi<\/strong>, Departamento\u00a0 Ciencias de la Educaci\u00f3n ,\u00a0 <strong>Martha C\u00f3rdoba, <\/strong>Departamento de Formaci\u00f3n Pedag\u00f3gica ; <strong>Tina Gardella,\u00a0 <\/strong>Departamento Ciencias de la Comunicaci\u00f3n y <strong>Cecilia Nacusse<\/strong>,\u00a0 Departamento Trabajo Social.\u00a0<\/p>\n<p>Presenta: <strong>Diego Toscano<\/strong>, UNT. \u00a0 \u00a0<\/p>\n<hr \/>\n<p>Jueves 26 de\u00a0 agosto | <strong>17:00 hs (Arg.)\u00a0<\/strong><\/p>\n<p><span style=\"color: #993366\"><span style=\"font-size: 14pt\"><strong>Dos pensadores latinoamericanos: Paulo Freire y Enrique Pichon-Rivi\u00e9re, sus puntos de <\/strong><\/span><span style=\"font-size: 14pt\"><strong>convergencia<\/strong><\/span><\/span><\/p>\n<p>Conversaci\u00f3n con <strong>Ana Quiroga<\/strong><br \/>Presenta: <strong>Josefina Racedo<\/strong><br \/>Participan Escuelas de Psicolog\u00eda Social de Buenos Aires, Mendoza, Neuqu\u00e9n y Tucum\u00e1n<\/p>\n<h1>\u00a0<\/h1>\n<\/div><\/div><\/div><div id=\"pgc-gb139-69f41696ee03f-0-2\"  class=\"panel-grid-cell panel-grid-cell-empty\" ><\/div><\/div><\/div>\n\n\n<p><\/p>\n","protected":false},"excerpt":{"rendered":"<p>\u00a0 Mi\u00e9rcoles 15 \u00ad\u00ad\u00ad\u00ad 16.00 Hs | Apertura institucional https:\/\/www.youtube.com\/watch?v=vJsD8wYZORM Nicol\u00e1s Trotta, Ministro de Educaci\u00f3n de la Naci\u00f3n Jos\u00e9 Garc\u00eda, Rector de la Universidad Nacional de Tucum\u00e1n Mercedes Leal, Decana de la Facultad de Filosof\u00eda y Letras de la UNT Juan Pablo Lichtmajer, Ministro de Educaci\u00f3n de la provincia de Tucum\u00e1n Gabriel Yedlin, Ministro de [&hellip;]<\/p>\n","protected":false},"author":101021,"featured_media":0,"parent":0,"menu_order":0,"comment_status":"closed","ping_status":"closed","template":"","meta":{"footnotes":""},"class_list":["post-139","page","type-page","status-publish","hentry","post"],"_links":{"self":[{"href":"https:\/\/filo.unt.edu.ar\/congresofreire\/wp-json\/wp\/v2\/pages\/139","targetHints":{"allow":["GET"]}}],"collection":[{"href":"https:\/\/filo.unt.edu.ar\/congresofreire\/wp-json\/wp\/v2\/pages"}],"about":[{"href":"https:\/\/filo.unt.edu.ar\/congresofreire\/wp-json\/wp\/v2\/types\/page"}],"author":[{"embeddable":true,"href":"https:\/\/filo.unt.edu.ar\/congresofreire\/wp-json\/wp\/v2\/users\/101021"}],"replies":[{"embeddable":true,"href":"https:\/\/filo.unt.edu.ar\/congresofreire\/wp-json\/wp\/v2\/comments?post=139"}],"version-history":[{"count":54,"href":"https:\/\/filo.unt.edu.ar\/congresofreire\/wp-json\/wp\/v2\/pages\/139\/revisions"}],"predecessor-version":[{"id":478,"href":"https:\/\/filo.unt.edu.ar\/congresofreire\/wp-json\/wp\/v2\/pages\/139\/revisions\/478"}],"wp:attachment":[{"href":"https:\/\/filo.unt.edu.ar\/congresofreire\/wp-json\/wp\/v2\/media?parent=139"}],"curies":[{"name":"wp","href":"https:\/\/api.w.org\/{rel}","templated":true}]}}