{"id":220,"date":"2017-04-18T20:50:24","date_gmt":"2017-04-18T23:50:24","guid":{"rendered":"http:\/\/filo.unt.edu.ar\/caminatas-historicas\/?page_id=220"},"modified":"2018-06-22T09:23:38","modified_gmt":"2018-06-22T12:23:38","slug":"cultura-centenario","status":"publish","type":"page","link":"https:\/\/filo.unt.edu.ar\/caminatas-historicas\/cultura-centenario\/","title":{"rendered":"Circuito Cultura y Centenario"},"content":{"rendered":"<div id=\"pl-220\"  class=\"panel-layout\" ><div id=\"pg-220-0\"  class=\"panel-grid panel-has-style\" ><div class=\"siteorigin-panels-stretch panel-row-style-full-width panel-row-style panel-row-style-for-220-0\" data-stretch-type=\"full-stretched\" ><div id=\"pgc-220-0-0\"  class=\"panel-grid-cell panel-grid-cell-empty\" ><\/div><div id=\"pgc-220-0-1\"  class=\"panel-grid-cell\" ><div id=\"panel-220-0-1-0\" class=\"so-panel widget widget_sow-editor panel-first-child panel-last-child\" data-index=\"0\" ><div class=\"panel-widget-style panel-widget-style-for-220-0-1-0\" ><div\n\t\t\t\n\t\t\tclass=\"so-widget-sow-editor so-widget-sow-editor-base\"\n\t\t\t\n\t\t><h3 class=\"widget-title\">Recorrido<\/h3>\n<div class=\"siteorigin-widget-tinymce textwidget\">\n\t<p style=\"text-align: left;\"><span style=\"font-size: 36pt; font-family: 'arial black', sans-serif; line-height: 1.625;\"><em>CIRCUITO CULTURA Y CENTENARIO.<\/em><\/span><\/p>\n<p style=\"text-align: left;\"><span style=\"font-size: 16pt; font-family: 'arial black', sans-serif; line-height: 1.625;\"><em>A 200 a\u00f1os de nuestra independencia, volvemos la mirada hacia la Generaci\u00f3n del Centenario y las transformaciones sociales y urbanas generadas por el auge de la econom\u00eda azucarera.<\/em><\/span><\/p>\n<\/div>\n<\/div><\/div><\/div><\/div><div id=\"pgc-220-0-2\"  class=\"panel-grid-cell panel-grid-cell-mobile-last\" ><div id=\"panel-220-0-2-0\" class=\"so-panel widget widget_sow-editor panel-first-child panel-last-child\" data-index=\"1\" ><div class=\"panel-widget-style panel-widget-style-for-220-0-2-0\" ><div\n\t\t\t\n\t\t\tclass=\"so-widget-sow-editor so-widget-sow-editor-base\"\n\t\t\t\n\t\t><h3 class=\"widget-title\">Recorrido<\/h3>\n<div class=\"siteorigin-widget-tinymce textwidget\">\n\t<h4><span style=\"font-family: 'arial black', sans-serif;\"><a href=\"http:\/\/enteculturaltucuman.gob.ar\/plaza-urquiza\/\" target=\"_blank\" rel=\"noopener\">Plaza Urquiza<\/a> \u2013 Colegio Nacional<\/span><\/h4>\n<h4><span style=\"font-family: 'arial black', sans-serif;\">Ex C\u00e1rcel Penitenciaria<\/span><\/h4>\n<h4><span style=\"font-family: 'arial black', sans-serif;\">Teatro San Martin \u2013 Ex Hotel Savoy<\/span><\/h4>\n<h4><span style=\"font-family: 'arial black', sans-serif;\">Ex Jefatura de Polic\u00eda<\/span><\/h4>\n<h4><span style=\"font-family: 'arial black', sans-serif;\">Arzobispado de Tucum\u00e1n<\/span><\/h4>\n<h4><span style=\"font-family: 'arial black', sans-serif;\">Sede Uni\u00f3n C\u00edvica Radical (UCR)<\/span><\/h4>\n<h4><span style=\"font-family: 'arial black', sans-serif;\"><a href=\"https:\/\/es.wikipedia.org\/wiki\/Estaci%C3%B3n_Tucum%C3%A1n_(Mitre)\" target=\"_blank\" rel=\"noopener\">Estaci\u00f3n del Ferrocarril Bartolom\u00e9 Mitre - Ex Estaci\u00f3n Sunchales<\/a><\/span><\/h4>\n<h4><span style=\"font-family: 'arial black', sans-serif;\"><a href=\"http:\/\/enteculturaltucuman.gob.ar\/plaza-alberdi\/\" target=\"_blank\" rel=\"noopener\">Plaza Alberdi<\/a><\/span><\/h4>\n<\/div>\n<\/div><\/div><\/div><\/div><div id=\"pgc-220-0-3\"  class=\"panel-grid-cell panel-grid-cell-empty\" ><\/div><\/div><\/div><div id=\"pg-220-1\"  class=\"panel-grid panel-no-style\" ><div id=\"pgc-220-1-0\"  class=\"panel-grid-cell panel-grid-cell-empty\" ><\/div><div id=\"pgc-220-1-1\"  class=\"panel-grid-cell\" ><div id=\"panel-220-1-1-0\" class=\"so-panel widget widget_sow-editor panel-first-child panel-last-child\" data-index=\"2\" ><div class=\"panel-widget-style panel-widget-style-for-220-1-1-0\" ><div\n\t\t\t\n\t\t\tclass=\"so-widget-sow-editor so-widget-sow-editor-base\"\n\t\t\t\n\t\t>\n<div class=\"siteorigin-widget-tinymce textwidget\">\n\t<h2 style=\"text-align: center;\"><span style=\"font-family: 'arial black', sans-serif; color: #ff0000;\">**** INICIA 23\/06\/2018 ****<\/span><\/h2>\n<h2 style=\"text-align: center;\"><span style=\"font-family: 'arial black', sans-serif;\">Todos los s\u00e1bados a partir de las 16.30 Hs.<\/span><\/h2>\n<h3 style=\"text-align: center;\"><span style=\"font-family: 'arial black', sans-serif;\">Punto de encuentro:\u00a0Plaza Urquiza (Esquina Avda. Sarmiento e I. de las Mu\u00f1ecas)<\/span><\/h3>\n<h3 style=\"text-align: center;\"><span style=\"font-family: 'arial black', sans-serif;\">Recorrido: 12 cuadras<\/span><\/h3>\n<h3 style=\"text-align: center;\"><span style=\"font-family: 'arial black', sans-serif;\">Duraci\u00f3n aproximada: 1.30 Hs<\/span><\/h3>\n<\/div>\n<\/div><\/div><\/div><\/div><div id=\"pgc-220-1-2\"  class=\"panel-grid-cell panel-grid-cell-mobile-last\" ><div id=\"panel-220-1-2-0\" class=\"so-panel widget widget_sow-editor panel-first-child panel-last-child\" data-index=\"3\" ><div class=\"panel-widget-style panel-widget-style-for-220-1-2-0\" ><div\n\t\t\t\n\t\t\tclass=\"so-widget-sow-editor so-widget-sow-editor-base\"\n\t\t\t\n\t\t><h3 class=\"widget-title\">Recorrido<\/h3>\n<div class=\"siteorigin-widget-tinymce textwidget\">\n\t<p><a href=\"http:\/\/filo.unt.edu.ar\/caminatas-historicas\/wp-content\/uploads\/sites\/79\/2017\/04\/colegio-nacional-1.jpg\"><img loading=\"lazy\" decoding=\"async\" src=\"http:\/\/filo.unt.edu.ar\/caminatas-historicas\/wp-content\/uploads\/sites\/79\/2017\/04\/colegio-nacional-1-1024x683.jpg\" alt=\"\" width=\"720\" height=\"480\" class=\"aligncenter size-large wp-image-27\" srcset=\"https:\/\/filo.unt.edu.ar\/caminatas-historicas\/wp-content\/uploads\/sites\/79\/2017\/04\/colegio-nacional-1.jpg 1024w, https:\/\/filo.unt.edu.ar\/caminatas-historicas\/wp-content\/uploads\/sites\/79\/2017\/04\/colegio-nacional-1-300x200.jpg 300w, https:\/\/filo.unt.edu.ar\/caminatas-historicas\/wp-content\/uploads\/sites\/79\/2017\/04\/colegio-nacional-1-768x512.jpg 768w, https:\/\/filo.unt.edu.ar\/caminatas-historicas\/wp-content\/uploads\/sites\/79\/2017\/04\/colegio-nacional-1-600x400.jpg 600w, https:\/\/filo.unt.edu.ar\/caminatas-historicas\/wp-content\/uploads\/sites\/79\/2017\/04\/colegio-nacional-1-272x182.jpg 272w\" sizes=\"auto, (max-width: 720px) 100vw, 720px\" \/><\/a><\/p>\n<\/div>\n<\/div><\/div><\/div><\/div><div id=\"pgc-220-1-3\"  class=\"panel-grid-cell panel-grid-cell-empty\" ><\/div><\/div><div id=\"pg-220-2\"  class=\"panel-grid panel-no-style\" ><div id=\"pgc-220-2-0\"  class=\"panel-grid-cell\" ><div id=\"panel-220-2-0-0\" class=\"so-panel widget widget_sow-editor panel-first-child panel-last-child\" data-index=\"4\" ><div class=\"panel-widget-style panel-widget-style-for-220-2-0-0\" ><div\n\t\t\t\n\t\t\tclass=\"so-widget-sow-editor so-widget-sow-editor-base\"\n\t\t\t\n\t\t><h3 class=\"widget-title\">Recorrido<\/h3>\n<div class=\"siteorigin-widget-tinymce textwidget\">\n\t<p><a href=\"http:\/\/filo.unt.edu.ar\/caminatas-historicas\/wp-content\/uploads\/sites\/79\/2018\/06\/boton_suspenden_lluvia.jpg\"><img loading=\"lazy\" decoding=\"async\" class=\"aligncenter size-large wp-image-684\" src=\"http:\/\/filo.unt.edu.ar\/caminatas-historicas\/wp-content\/uploads\/sites\/79\/2018\/06\/boton_suspenden_lluvia-1024x346.jpg\" alt=\"\" width=\"720\" height=\"243\" srcset=\"https:\/\/filo.unt.edu.ar\/caminatas-historicas\/wp-content\/uploads\/sites\/79\/2018\/06\/boton_suspenden_lluvia-1024x346.jpg 1024w, https:\/\/filo.unt.edu.ar\/caminatas-historicas\/wp-content\/uploads\/sites\/79\/2018\/06\/boton_suspenden_lluvia-300x101.jpg 300w, https:\/\/filo.unt.edu.ar\/caminatas-historicas\/wp-content\/uploads\/sites\/79\/2018\/06\/boton_suspenden_lluvia-768x259.jpg 768w, https:\/\/filo.unt.edu.ar\/caminatas-historicas\/wp-content\/uploads\/sites\/79\/2018\/06\/boton_suspenden_lluvia-600x203.jpg 600w, https:\/\/filo.unt.edu.ar\/caminatas-historicas\/wp-content\/uploads\/sites\/79\/2018\/06\/boton_suspenden_lluvia.jpg 1282w\" sizes=\"auto, (max-width: 720px) 100vw, 720px\" \/><\/a><\/p>\n<\/div>\n<\/div><\/div><\/div><\/div><\/div><div id=\"pg-220-3\"  class=\"panel-grid panel-has-style\" ><div class=\"siteorigin-panels-stretch panel-row-style-full-width panel-row-style panel-row-style-for-220-3\" data-stretch-type=\"full-stretched\" ><div id=\"pgc-220-3-0\"  class=\"panel-grid-cell\" ><div id=\"panel-220-3-0-0\" class=\"so-panel widget widget_sow-editor panel-first-child panel-last-child\" data-index=\"5\" ><div\n\t\t\t\n\t\t\tclass=\"so-widget-sow-editor so-widget-sow-editor-base\"\n\t\t\t\n\t\t>\n<div class=\"siteorigin-widget-tinymce textwidget\">\n\t<div id=\"metaslider-id-20\" style=\"width: 100%; margin: 0 auto;\" class=\"ml-slider-3-103-0 metaslider metaslider-flex metaslider-20 ml-slider has-carousel-mode ms-theme-default nav-hidden\" role=\"region\" aria-label=\"Meta Slider HomePage\" data-height=\"450\" data-width=\"600\">\n    <div id=\"metaslider_container_20\">\n        <div id=\"metaslider_20\">\n            <ul class='slides'>\n                <li style=\"display: none; width: 100%;\" class=\"slide-35 ms-image \" aria-roledescription=\"slide\" data-date=\"2017-04-16 21:19:47\" data-slide-type=\"image\"><img loading=\"lazy\" decoding=\"async\" src=\"https:\/\/filo.unt.edu.ar\/caminatas-historicas\/wp-content\/uploads\/sites\/79\/2017\/04\/ARTES.jpg\" height=\"450\" width=\"600\" alt=\"\" class=\"slider-20 slide-35 msDefaultImage\" \/><\/li>\n                <li style=\"display: none; width: 100%;\" class=\"slide-36 ms-image \" aria-roledescription=\"slide\" data-date=\"2017-04-16 21:19:47\" data-slide-type=\"image\"><img loading=\"lazy\" decoding=\"async\" src=\"https:\/\/filo.unt.edu.ar\/caminatas-historicas\/wp-content\/uploads\/sites\/79\/2017\/04\/ATEP.jpg\" height=\"450\" width=\"600\" alt=\"\" class=\"slider-20 slide-36 msDefaultImage\" \/><\/li>\n                <li style=\"display: none; width: 100%;\" class=\"slide-37 ms-image \" aria-roledescription=\"slide\" data-date=\"2017-04-16 21:19:47\" data-slide-type=\"image\"><img loading=\"lazy\" decoding=\"async\" src=\"https:\/\/filo.unt.edu.ar\/caminatas-historicas\/wp-content\/uploads\/sites\/79\/2017\/04\/AVELLANEDA.png\" height=\"450\" width=\"600\" alt=\"\" class=\"slider-20 slide-37 msDefaultImage\" \/><\/li>\n                <li style=\"display: none; width: 100%;\" class=\"slide-38 ms-image \" aria-roledescription=\"slide\" data-date=\"2017-04-16 21:19:47\" data-slide-type=\"image\"><img loading=\"lazy\" decoding=\"async\" src=\"https:\/\/filo.unt.edu.ar\/caminatas-historicas\/wp-content\/uploads\/sites\/79\/2017\/04\/casa-de-gobierno2.jpg\" height=\"450\" width=\"600\" alt=\"\" class=\"slider-20 slide-38 msDefaultImage\" \/><\/li>\n                <li style=\"display: none; width: 100%;\" class=\"slide-39 ms-image \" aria-roledescription=\"slide\" data-date=\"2017-04-16 21:19:47\" data-slide-type=\"image\"><img loading=\"lazy\" decoding=\"async\" src=\"https:\/\/filo.unt.edu.ar\/caminatas-historicas\/wp-content\/uploads\/sites\/79\/2017\/04\/Casa-Belgraniana..jpg\" height=\"450\" width=\"600\" alt=\"\" class=\"slider-20 slide-39 msDefaultImage\" \/><\/li>\n                <li style=\"display: none; width: 100%;\" class=\"slide-40 ms-image \" aria-roledescription=\"slide\" data-date=\"2017-04-16 21:19:47\" data-slide-type=\"image\"><img loading=\"lazy\" decoding=\"async\" src=\"https:\/\/filo.unt.edu.ar\/caminatas-historicas\/wp-content\/uploads\/sites\/79\/2017\/04\/catedral.jpg\" height=\"450\" width=\"600\" alt=\"\" class=\"slider-20 slide-40 msDefaultImage\" \/><\/li>\n                <li style=\"display: none; width: 100%;\" class=\"slide-41 ms-image \" aria-roledescription=\"slide\" data-date=\"2017-04-16 21:19:47\" data-slide-type=\"image\"><img loading=\"lazy\" decoding=\"async\" src=\"https:\/\/filo.unt.edu.ar\/caminatas-historicas\/wp-content\/uploads\/sites\/79\/2017\/04\/colegio-nacional-1.jpg\" height=\"450\" width=\"600\" alt=\"\" class=\"slider-20 slide-41 msDefaultImage\" \/><\/li>\n                <li style=\"display: none; width: 100%;\" class=\"slide-42 ms-image \" aria-roledescription=\"slide\" data-date=\"2017-04-16 21:19:47\" data-slide-type=\"image\"><img loading=\"lazy\" decoding=\"async\" src=\"https:\/\/filo.unt.edu.ar\/caminatas-historicas\/wp-content\/uploads\/sites\/79\/2017\/04\/ELCARDON.png\" height=\"450\" width=\"600\" alt=\"\" class=\"slider-20 slide-42 msDefaultImage\" \/><\/li>\n                <li style=\"display: none; width: 100%;\" class=\"slide-43 ms-image \" aria-roledescription=\"slide\" data-date=\"2017-04-16 21:19:47\" data-slide-type=\"image\"><img loading=\"lazy\" decoding=\"async\" src=\"https:\/\/filo.unt.edu.ar\/caminatas-historicas\/wp-content\/uploads\/sites\/79\/2017\/04\/FET.jpg\" height=\"450\" width=\"600\" alt=\"\" class=\"slider-20 slide-43 msDefaultImage\" \/><\/li>\n                <li style=\"display: none; width: 100%;\" class=\"slide-44 ms-image \" aria-roledescription=\"slide\" data-date=\"2017-04-16 21:19:47\" data-slide-type=\"image\"><img loading=\"lazy\" decoding=\"async\" src=\"https:\/\/filo.unt.edu.ar\/caminatas-historicas\/wp-content\/uploads\/sites\/79\/2017\/04\/frente-rectorado.jpg\" height=\"450\" width=\"600\" alt=\"\" class=\"slider-20 slide-44 msDefaultImage\" \/><\/li>\n                <li style=\"display: none; width: 100%;\" class=\"slide-45 ms-image \" aria-roledescription=\"slide\" data-date=\"2017-04-16 21:19:47\" data-slide-type=\"image\"><img loading=\"lazy\" decoding=\"async\" src=\"https:\/\/filo.unt.edu.ar\/caminatas-historicas\/wp-content\/uploads\/sites\/79\/2017\/04\/LIBERTAD.jpg\" height=\"450\" width=\"600\" alt=\"\" class=\"slider-20 slide-45 msDefaultImage\" \/><\/li>\n                <li style=\"display: none; width: 100%;\" class=\"slide-46 ms-image \" aria-roledescription=\"slide\" data-date=\"2017-04-16 21:19:47\" data-slide-type=\"image\"><img loading=\"lazy\" decoding=\"async\" src=\"https:\/\/filo.unt.edu.ar\/caminatas-historicas\/wp-content\/uploads\/sites\/79\/2017\/04\/merced.jpg\" height=\"450\" width=\"600\" alt=\"\" class=\"slider-20 slide-46 msDefaultImage\" \/><\/li>\n                <li style=\"display: none; width: 100%;\" class=\"slide-47 ms-image \" aria-roledescription=\"slide\" data-date=\"2017-04-16 21:19:47\" data-slide-type=\"image\"><img loading=\"lazy\" decoding=\"async\" src=\"https:\/\/filo.unt.edu.ar\/caminatas-historicas\/wp-content\/uploads\/sites\/79\/2017\/04\/Plaza_Irigoyen_San_Miguel_de_Tucum\u00edn.jpg\" height=\"450\" width=\"600\" alt=\"\" class=\"slider-20 slide-47 msDefaultImage\" \/><\/li>\n                <li style=\"display: none; width: 100%;\" class=\"slide-48 ms-image \" aria-roledescription=\"slide\" data-date=\"2017-04-16 21:19:47\" data-slide-type=\"image\"><img loading=\"lazy\" decoding=\"async\" src=\"https:\/\/filo.unt.edu.ar\/caminatas-historicas\/wp-content\/uploads\/sites\/79\/2017\/04\/San_Francisco.jpg\" height=\"450\" width=\"600\" alt=\"\" class=\"slider-20 slide-48 msDefaultImage\" \/><\/li>\n                <li style=\"display: none; width: 100%;\" class=\"slide-49 ms-image \" aria-roledescription=\"slide\" data-date=\"2017-04-16 21:19:47\" data-slide-type=\"image\"><img loading=\"lazy\" decoding=\"async\" src=\"https:\/\/filo.unt.edu.ar\/caminatas-historicas\/wp-content\/uploads\/sites\/79\/2017\/04\/colegio-nacional.jpg\" height=\"450\" width=\"600\" alt=\"\" class=\"slider-20 slide-49 msDefaultImage\" \/><\/li>\n                <li style=\"display: none; width: 100%;\" class=\"slide-50 ms-image \" aria-roledescription=\"slide\" data-date=\"2017-04-16 21:19:47\" data-slide-type=\"image\"><img loading=\"lazy\" decoding=\"async\" src=\"https:\/\/filo.unt.edu.ar\/caminatas-historicas\/wp-content\/uploads\/sites\/79\/2017\/04\/FOTIA.jpg\" height=\"450\" width=\"600\" alt=\"\" class=\"slider-20 slide-50 msDefaultImage\" \/><\/li>\n                <li style=\"display: none; width: 100%;\" class=\"slide-51 ms-image \" aria-roledescription=\"slide\" data-date=\"2017-04-16 21:19:48\" data-slide-type=\"image\"><img loading=\"lazy\" decoding=\"async\" src=\"https:\/\/filo.unt.edu.ar\/caminatas-historicas\/wp-content\/uploads\/sites\/79\/2017\/04\/plaza-belgrano.jpg\" height=\"450\" width=\"600\" alt=\"\" class=\"slider-20 slide-51 msDefaultImage\" \/><\/li>\n                <li style=\"display: none; width: 100%;\" class=\"slide-52 ms-image \" aria-roledescription=\"slide\" data-date=\"2017-04-16 21:19:48\" data-slide-type=\"image\"><img loading=\"lazy\" decoding=\"async\" src=\"https:\/\/filo.unt.edu.ar\/caminatas-historicas\/wp-content\/uploads\/sites\/79\/2017\/04\/CasaHistoricaTucuman-GR.jpg\" height=\"450\" width=\"600\" alt=\"\" class=\"slider-20 slide-52 msDefaultImage\" \/><\/li>\n                <li style=\"display: none; width: 100%;\" class=\"slide-53 ms-image \" aria-roledescription=\"slide\" data-date=\"2017-04-16 21:19:48\" data-slide-type=\"image\"><img loading=\"lazy\" decoding=\"async\" src=\"https:\/\/filo.unt.edu.ar\/caminatas-historicas\/wp-content\/uploads\/sites\/79\/2017\/04\/piernas2.jpg\" height=\"450\" width=\"600\" alt=\"\" class=\"slider-20 slide-53 msDefaultImage\" \/><\/li>\n            <\/ul>\n        <\/div>\n        \n    <\/div>\n<\/div>\n<\/div>\n<\/div><\/div><\/div><\/div><\/div><div id=\"pg-220-4\"  class=\"panel-grid panel-has-style\" ><div class=\"siteorigin-panels-stretch panel-row-style-full-width panel-row-style panel-row-style-for-220-4\" data-stretch-type=\"full-stretched\" ><div id=\"pgc-220-4-0\"  class=\"panel-grid-cell\" ><div id=\"panel-220-4-0-0\" class=\"so-panel widget widget_sow-editor panel-first-child panel-last-child\" data-index=\"6\" ><div\n\t\t\t\n\t\t\tclass=\"so-widget-sow-editor so-widget-sow-editor-base\"\n\t\t\t\n\t\t>\n<div class=\"siteorigin-widget-tinymce textwidget\">\n\t<p><iframe loading=\"lazy\" style=\"border: 0;\" src=\"https:\/\/www.google.com\/maps\/embed?pb=!1m50!1m12!1m3!1d7120.099941463971!2d-65.21832567471515!3d-26.83836288263845!2m3!1f0!2f0!3f0!3m2!1i1024!2i768!4f13.1!4m35!3e2!4m5!1s0x94225c446c539619%3A0xae5de1f737fd2cca!2sCasa+Belgraniana+Solar+Historico%2C+Calle+Bernabe+Ar%C3%A1oz+681%2C+San+Miguel+de+Tucum%C3%A1n%2C+Tucum%C3%A1n!3m2!1d-26.8381653!2d-65.2181909!4m5!1s0x0%3A0xfb6f5c77bfd75e07!2sPlaza+Manuel+Belgrano!3m2!1d-26.837440899999997!2d-65.2167829!4m3!3m2!1d-26.837956499999997!2d-65.2140995!4m5!1s0x0%3A0x2f9d1bdcc9767a1c!2sPlaza+San+Mart%C3%ADn!3m2!1d-26.839085899999997!2d-65.21069539999999!4m5!1s0x94225c0becdd85d5%3A0x4a332c046ecf963!2sFacultad+de+Artes+UNT+-+Beccer%2C+San+Miguel+de+Tucum%C3%A1n%2C+Tucum%C3%A1n!3m2!1d-26.8403299!2d-65.209799!4m5!1s0x94225c79092d8783%3A0xb103eba49e886fc9!2sUniversidad+Nacional+de+Tucum%C3%A1n+-+Calle+Batalla+de+Ayacucho%2C+San+Miguel+de+Tucum%C3%A1n%2C+Tucum%C3%A1n!3m2!1d-26.836395999999997!2d-65.2111408!5e0!3m2!1ses!2sar!4v1465824624008\" width=\"100%\" height=\"350\" frameborder=\"0\" allowfullscreen=\"allowfullscreen\"><\/iframe><\/p>\n<\/div>\n<\/div><\/div><\/div><\/div><\/div><\/div>","protected":false},"excerpt":{"rendered":"<p>CIRCUITO CULTURA Y CENTENARIO. A 200 a\u00f1os de nuestra independencia, volvemos la mirada hacia la Generaci\u00f3n del Centenario y las transformaciones sociales y urbanas generadas por el auge de la econom\u00eda azucarera. Plaza Urquiza \u2013 Colegio NacionalEx C\u00e1rcel PenitenciariaTeatro San Martin \u2013 Ex Hotel SavoyEx Jefatura de Polic\u00edaArzobispado de Tucum\u00e1nSede Uni\u00f3n C\u00edvica Radical (UCR)Estaci\u00f3n del [&hellip;]<\/p>\n","protected":false},"author":1,"featured_media":0,"parent":0,"menu_order":0,"comment_status":"closed","ping_status":"closed","template":"templates\/template-full-notitle.php","meta":{"footnotes":""},"class_list":["post-220","page","type-page","status-publish","hentry","post"],"_links":{"self":[{"href":"https:\/\/filo.unt.edu.ar\/caminatas-historicas\/wp-json\/wp\/v2\/pages\/220","targetHints":{"allow":["GET"]}}],"collection":[{"href":"https:\/\/filo.unt.edu.ar\/caminatas-historicas\/wp-json\/wp\/v2\/pages"}],"about":[{"href":"https:\/\/filo.unt.edu.ar\/caminatas-historicas\/wp-json\/wp\/v2\/types\/page"}],"author":[{"embeddable":true,"href":"https:\/\/filo.unt.edu.ar\/caminatas-historicas\/wp-json\/wp\/v2\/users\/1"}],"replies":[{"embeddable":true,"href":"https:\/\/filo.unt.edu.ar\/caminatas-historicas\/wp-json\/wp\/v2\/comments?post=220"}],"version-history":[{"count":32,"href":"https:\/\/filo.unt.edu.ar\/caminatas-historicas\/wp-json\/wp\/v2\/pages\/220\/revisions"}],"predecessor-version":[{"id":890,"href":"https:\/\/filo.unt.edu.ar\/caminatas-historicas\/wp-json\/wp\/v2\/pages\/220\/revisions\/890"}],"wp:attachment":[{"href":"https:\/\/filo.unt.edu.ar\/caminatas-historicas\/wp-json\/wp\/v2\/media?parent=220"}],"curies":[{"name":"wp","href":"https:\/\/api.w.org\/{rel}","templated":true}]}}