{"id":70,"date":"2025-12-19T09:35:59","date_gmt":"2025-12-19T12:35:59","guid":{"rendered":"https:\/\/filo.unt.edu.ar\/aledar2026\/?page_id=70"},"modified":"2026-08-19T08:59:08","modified_gmt":"2026-08-19T11:59:08","slug":"circulares","status":"publish","type":"page","link":"https:\/\/filo.unt.edu.ar\/aledar2026\/circulares\/","title":{"rendered":"Circulares"},"content":{"rendered":"<div id=\"pl-70\"  class=\"panel-layout\" ><div id=\"pg-70-0\"  class=\"panel-grid panel-no-style\" ><div id=\"pgc-70-0-0\"  class=\"panel-grid-cell\" ><div id=\"panel-70-0-0-0\" class=\"so-panel widget widget_sow-editor panel-first-child panel-last-child\" data-index=\"0\" ><div\n\t\t\t\n\t\t\tclass=\"so-widget-sow-editor so-widget-sow-editor-base\"\n\t\t\t\n\t\t>\n<div class=\"siteorigin-widget-tinymce textwidget\">\n\t<div style=\"font-family: Arial,Helvetica,sans-serif; text-align: left; overflow-wrap: break-word; padding: 40px 8px 32px;\">\n<div style=\"font-size: 0.78em; font-weight: bold; letter-spacing: .14em; color: #6b9150; text-transform: uppercase; margin-bottom: 14px;\"><span style=\"color: #124a63; font-family: Georgia, serif; font-size: 2em; font-weight: normal;\">Circulares<\/span><\/div>\n<p style=\"font-size: 1em; color: #333333; line-height: 1.7; max-width: 560px; margin: 0px;\">Descarg\u00e1 las circulares oficiales del XI Coloquio de ALEDAr, con toda la informaci\u00f3n sobre fechas, conferencistas, ejes tem\u00e1ticos, aranceles y pautas de participaci\u00f3n.<\/p>\n<\/div>\n<\/div>\n<\/div><\/div><\/div><\/div><div id=\"pg-70-1\"  class=\"panel-grid panel-no-style\" ><div id=\"pgc-70-1-0\"  class=\"panel-grid-cell\" ><div id=\"panel-70-1-0-0\" class=\"so-panel widget widget_sow-editor panel-first-child panel-last-child\" data-index=\"1\" ><div\n\t\t\t\n\t\t\tclass=\"so-widget-sow-editor so-widget-sow-editor-base\"\n\t\t\t\n\t\t>\n<div class=\"siteorigin-widget-tinymce textwidget\">\n\t<div style=\"font-family:Arial,Helvetica,sans-serif; text-align:left; overflow-wrap:break-word; border-top:1px solid #e4e8e6; padding:32px 8px;\">\n<div style=\"display:flex; flex-wrap:wrap; gap:16px;\">\n<div style=\"flex:1 1 260px; border:1px solid #e4e8e6; border-radius:8px; padding:20px; box-sizing:border-box;\">\n<div style=\"display:inline-block; background:#eef3e9; color:#3f5c2c; font-size:0.72em; font-weight:bold; letter-spacing:.08em; text-transform:uppercase; padding:4px 10px; border-radius:12px; margin-bottom:12px;\">M\u00e1s reciente<\/div>\n<div style=\"font-size:1.15em; color:#124a63; font-weight:bold; margin-bottom:6px;\">Segunda Circular<\/div>\n<div style=\"font-size:0.85em; color:#666; margin-bottom:18px;\">Fechas, plenaristas, ejes, aranceles y pautas de env\u00edo<\/div>\n<p><a href=\"http:\/\/filo.unt.edu.ar\/aledar2026\/wp-content\/uploads\/sites\/111\/2026\/08\/XI-COLOQUIO-ALEDAR-CIRCULAR-2.pdf\" target=\"_blank\" rel=\"noopener\" style=\"display:inline-block; background:#1c7498; color:#fff; padding:11px 18px; border-radius:4px; font-size:0.9em; font-weight:bold; text-decoration:none;\">Descargar PDF<\/a>\n<\/div>\n<div style=\"flex:1 1 260px; border:1px solid #e4e8e6; border-radius:8px; padding:20px; box-sizing:border-box;\">\n<div style=\"font-size:1.15em; color:#124a63; font-weight:bold; margin-bottom:6px; margin-top:26px;\">Primera Circular<\/div>\n<div style=\"font-size:0.85em; color:#666; margin-bottom:18px;\">Convocatoria inicial y fechas preliminares<\/div>\n<p><a href=\"https:\/\/filo.unt.edu.ar\/aledar2026\/wp-content\/uploads\/sites\/111\/2025\/12\/XI-COLOQUIO-ALEDAR-CIRCULAR-1.pdf\" target=\"_blank\" rel=\"noopener\" style=\"display:inline-block; background:transparent; border:1px solid #b9c9ce; color:#1c7498; padding:10px 18px; border-radius:4px; font-size:0.9em; font-weight:bold; text-decoration:none;\">Descargar PDF<\/a>\n<\/div>\n<\/div>\n<\/div>\n<\/div>\n<\/div><\/div><\/div><\/div><\/div>","protected":false},"excerpt":{"rendered":"<p>Circulares Descarg\u00e1 las circulares oficiales del XI Coloquio de ALEDAr, con toda la informaci\u00f3n sobre fechas, conferencistas, ejes tem\u00e1ticos, aranceles y pautas de participaci\u00f3n. M\u00e1s reciente Segunda Circular Fechas, plenaristas, ejes, aranceles y pautas de env\u00edo Descargar PDF Primera Circular Convocatoria inicial y fechas preliminares Descargar PDF<\/p>\n","protected":false},"author":1,"featured_media":0,"parent":0,"menu_order":0,"comment_status":"closed","ping_status":"closed","template":"","meta":{"footnotes":""},"class_list":["post-70","page","type-page","status-publish","hentry","post"],"_links":{"self":[{"href":"https:\/\/filo.unt.edu.ar\/aledar2026\/wp-json\/wp\/v2\/pages\/70","targetHints":{"allow":["GET"]}}],"collection":[{"href":"https:\/\/filo.unt.edu.ar\/aledar2026\/wp-json\/wp\/v2\/pages"}],"about":[{"href":"https:\/\/filo.unt.edu.ar\/aledar2026\/wp-json\/wp\/v2\/types\/page"}],"author":[{"embeddable":true,"href":"https:\/\/filo.unt.edu.ar\/aledar2026\/wp-json\/wp\/v2\/users\/1"}],"replies":[{"embeddable":true,"href":"https:\/\/filo.unt.edu.ar\/aledar2026\/wp-json\/wp\/v2\/comments?post=70"}],"version-history":[{"count":10,"href":"https:\/\/filo.unt.edu.ar\/aledar2026\/wp-json\/wp\/v2\/pages\/70\/revisions"}],"predecessor-version":[{"id":108,"href":"https:\/\/filo.unt.edu.ar\/aledar2026\/wp-json\/wp\/v2\/pages\/70\/revisions\/108"}],"wp:attachment":[{"href":"https:\/\/filo.unt.edu.ar\/aledar2026\/wp-json\/wp\/v2\/media?parent=70"}],"curies":[{"name":"wp","href":"https:\/\/api.w.org\/{rel}","templated":true}]}}