{"id":7,"date":"2025-12-17T12:30:24","date_gmt":"2025-12-17T15:30:24","guid":{"rendered":"https:\/\/filo.unt.edu.ar\/aledar2026\/?page_id=7"},"modified":"2025-12-19T09:12:01","modified_gmt":"2025-12-19T12:12:01","slug":"autoridades","status":"publish","type":"page","link":"https:\/\/filo.unt.edu.ar\/aledar2026\/autoridades\/","title":{"rendered":"Autoridades ALED"},"content":{"rendered":"<div id=\"pl-7\"  class=\"panel-layout\" ><div id=\"pg-7-0\"  class=\"panel-grid panel-no-style\" ><div id=\"pgc-7-0-0\"  class=\"panel-grid-cell\" ><div id=\"panel-7-0-0-0\" class=\"so-panel widget widget_black-studio-tinymce widget_black_studio_tinymce panel-first-child panel-last-child\" data-index=\"0\" ><div class=\"panel-widget-style panel-widget-style-for-7-0-0-0\" ><div class=\"textwidget\"><h3 style=\"text-align: left;\"><span style=\"color: #1e739b;\"><strong>Autoridades Junta Directiva ALED<\/strong><\/span><\/h3>\n<hr \/>\n<p style=\"text-align: left;\"><strong>Presidencia:<\/strong> Wander Emediato (Brasil)<\/p>\n<p style=\"text-align: left;\"><strong>Vicepresidencia:<\/strong> Roc\u00edo Flax (Argentina)<\/p>\n<p style=\"text-align: left;\"><strong>Secretar\u00eda general:<\/strong> Karen Miladys C\u00e1rdenas Almanza (Colombia)<\/p>\n<p style=\"text-align: left;\"><strong>Tesorer\u00eda:<\/strong> Maria Carmen Aires Gomes (Brasil)<\/p>\n<p style=\"text-align: left;\"><strong>Delegaci\u00f3n Argentina:<\/strong> Gabriel Dvoskin<\/p>\n<\/div><\/div><\/div><\/div><\/div><div id=\"pg-7-1\"  class=\"panel-grid panel-no-style\" ><div id=\"pgc-7-1-0\"  class=\"panel-grid-cell\" ><div id=\"panel-7-1-0-0\" class=\"so-panel widget widget_black-studio-tinymce widget_black_studio_tinymce panel-first-child panel-last-child\" data-index=\"1\" ><div class=\"panel-widget-style panel-widget-style-for-7-1-0-0\" ><div class=\"textwidget\"><h3 style=\"text-align: left;\"><span style=\"color: #1e739b;\">Comit\u00e9 Cient\u00edfico<\/span><\/h3>\n<hr \/>\n<p style=\"text-align: left;\">Agust\u00edn Berti (UNC\/CONICET)<\/p>\n<p style=\"text-align: left;\">Alejandro Raiter (UBA)<\/p>\n<p style=\"text-align: left;\">Alicia Carrizo (UBA)<\/p>\n<p style=\"text-align: left;\">Andrea Menegotto (UNMdP)<\/p>\n<p style=\"text-align: left;\">Aniela Ventura (UBA\/CONICET)<\/p>\n<p style=\"text-align: left;\">Cristina Boccia (UNCuyo)<\/p>\n<p style=\"text-align: left;\">Constanza Padilla (UNT\/CONICET)<\/p>\n<p style=\"text-align: left;\">Daniela Lauria (UBA\/UNIPE\/CONICET)<\/p>\n<p style=\"text-align: left;\">Elizabeth Andrea Di Nardo (UNRC)<\/p>\n<p style=\"text-align: left;\">Elizabeth Rigatuso (UNS\/CONICET)<\/p>\n<p style=\"text-align: left;\">Elvira Narvaja de Arnoux (UBA)<\/p>\n<p style=\"text-align: left;\">Fabi\u00e1n M\u00f3naco (UNL)<\/p>\n<p style=\"text-align: left;\">Gabriel Dvoskin (UBA\/UNIPE\/CONICET)<\/p>\n<p style=\"text-align: left;\">Isolda Carranza (UNC\/CONICET)<\/p>\n<p style=\"text-align: left;\">Juan Bonnin (CITRA\/UNSaM\/CONICET)<\/p>\n<p style=\"text-align: left;\">Julia Zullo (UBA)<\/p>\n<p style=\"text-align: left;\">Julio Sal Paz (UNT\/CONICET)<\/p>\n<p style=\"text-align: left;\">Luc\u00eda Cantamutto (UNRN\/CONICET)<\/p>\n<p style=\"text-align: left;\">Luc\u00eda Rivas (UNLPam)<\/p>\n<p style=\"text-align: left;\">Luisa Granato (UNLP)<\/p>\n<p style=\"text-align: left;\">Mar\u00eda Alejandra Vitale (UBA)<\/p>\n<p style=\"text-align: left;\">Mar\u00eda Gabriela Palazzo (UNT\/CONICET)<\/p>\n<p style=\"text-align: left;\">Mar\u00eda Laura Pardo (UBA\/CONICET)<\/p>\n<p style=\"text-align: left;\">Mar\u00eda Valentina Nobl\u00eda (UBA)<\/p>\n<p style=\"text-align: left;\">Mariana Cucatto (UNLP\/CONICET)<\/p>\n<p style=\"text-align: left;\">Mariana Marchese (UBA\/CONICET)<\/p>\n<p style=\"text-align: left;\">Mariana Pascual (UC-Chile)<\/p>\n<p style=\"text-align: left;\">Mat\u00edas Soich (UBA\/UNTREF\/CONICET)<\/p>\n<p style=\"text-align: left;\">Paula Salerno (UNSaM\/CONICET)<\/p>\n<p style=\"text-align: left;\">Renata Fabiana Cardinali (UNRC)<\/p>\n<p style=\"text-align: left;\">Roc\u00edo Flax (UNSaM\/UNIPE\/CONICET)<\/p>\n<p style=\"text-align: left;\">Salvio Mart\u00edn Men\u00e9ndez (UBA\/UNMdP\/CONICET)<\/p>\n<p style=\"text-align: left;\">Sara Isabel P\u00e9rez (UBA\/UNQ)<\/p>\n<p style=\"text-align: left;\">Sebasti\u00e1n Sayago (UNPSJB\/CONICET)<\/p>\n<p style=\"text-align: left;\">Silvia Kaul de Marlangeon (UNRC)<\/p>\n<\/div><\/div><\/div><\/div><\/div><\/div>","protected":false},"excerpt":{"rendered":"<p>Autoridades Junta Directiva ALED Presidencia: Wander Emediato (Brasil) Vicepresidencia: Roc\u00edo Flax (Argentina) Secretar\u00eda general: Karen Miladys C\u00e1rdenas Almanza (Colombia) Tesorer\u00eda: Maria Carmen Aires Gomes (Brasil) Delegaci\u00f3n Argentina: Gabriel Dvoskin Comit\u00e9 Cient\u00edfico Agust\u00edn Berti (UNC\/CONICET) Alejandro Raiter (UBA) Alicia Carrizo (UBA) Andrea Menegotto (UNMdP) Aniela Ventura (UBA\/CONICET) Cristina Boccia (UNCuyo) Constanza Padilla (UNT\/CONICET) Daniela Lauria (UBA\/UNIPE\/CONICET) [&hellip;]<\/p>\n","protected":false},"author":1,"featured_media":0,"parent":0,"menu_order":0,"comment_status":"closed","ping_status":"closed","template":"","meta":{"footnotes":""},"class_list":["post-7","page","type-page","status-publish","hentry","post"],"_links":{"self":[{"href":"https:\/\/filo.unt.edu.ar\/aledar2026\/wp-json\/wp\/v2\/pages\/7","targetHints":{"allow":["GET"]}}],"collection":[{"href":"https:\/\/filo.unt.edu.ar\/aledar2026\/wp-json\/wp\/v2\/pages"}],"about":[{"href":"https:\/\/filo.unt.edu.ar\/aledar2026\/wp-json\/wp\/v2\/types\/page"}],"author":[{"embeddable":true,"href":"https:\/\/filo.unt.edu.ar\/aledar2026\/wp-json\/wp\/v2\/users\/1"}],"replies":[{"embeddable":true,"href":"https:\/\/filo.unt.edu.ar\/aledar2026\/wp-json\/wp\/v2\/comments?post=7"}],"version-history":[{"count":6,"href":"https:\/\/filo.unt.edu.ar\/aledar2026\/wp-json\/wp\/v2\/pages\/7\/revisions"}],"predecessor-version":[{"id":53,"href":"https:\/\/filo.unt.edu.ar\/aledar2026\/wp-json\/wp\/v2\/pages\/7\/revisions\/53"}],"wp:attachment":[{"href":"https:\/\/filo.unt.edu.ar\/aledar2026\/wp-json\/wp\/v2\/media?parent=7"}],"curies":[{"name":"wp","href":"https:\/\/api.w.org\/{rel}","templated":true}]}}